{"id":2238,"date":"2022-06-19T08:38:28","date_gmt":"2022-06-19T08:38:28","guid":{"rendered":"https:\/\/themexriver.com\/wp\/magezix\/?page_id=2238"},"modified":"2024-05-13T19:51:15","modified_gmt":"2024-05-13T17:51:15","slug":"home-politices","status":"publish","type":"page","link":"https:\/\/sendanoticiosa.com\/","title":{"rendered":"Senda Noticiosa"},"content":{"rendered":"\t\t<div data-elementor-type=\"wp-page\" data-elementor-id=\"2238\" class=\"elementor elementor-2238\">\n\t\t\t\t\t\t<section class=\"elementor-section elementor-top-section elementor-element elementor-element-141dd4b8 elementor-section-full_width elementor-section-height-default elementor-section-height-default\" data-id=\"141dd4b8\" data-element_type=\"section\" data-e-type=\"section\">\n\t\t\t\t\t\t<div class=\"elementor-container elementor-column-gap-no\">\n\t\t\t\t\t<div class=\"elementor-column elementor-col-100 elementor-top-column elementor-element elementor-element-67017217\" data-id=\"67017217\" data-element_type=\"column\" data-e-type=\"column\">\n\t\t\t<div class=\"elementor-widget-wrap elementor-element-populated\">\n\t\t\t\t\t\t<div class=\"elementor-element elementor-element-16f3e1d2 elementor-widget elementor-widget-mgz-post-slider\" data-id=\"16f3e1d2\" data-element_type=\"widget\" data-e-type=\"widget\" data-widget_type=\"mgz-post-slider.default\">\n\t\t\t\t<div class=\"elementor-widget-container\">\n\t\t\t\t\t    <!-- hero post start -->\r\n    <section class=\"hero-post pos-rel\">\r\n        <div class=\"container-fluid p-0\">\r\n            <div class=\"hero-post__active owl-carousel\">\r\n\t\t\t\t\t\t                <div class=\"hero-post__item hero-post__height bg_img d-flex align-content-center\" data-background=\"https:\/\/sendanoticiosa.com\/wp-content\/uploads\/2024\/01\/image-19-e1704819832587.png\">\r\n                    <div class=\"row align-items-center\">\r\n                        <div class=\"col-xl-8 col-lg-7 col-md-8\">\r\n                            <div class=\"hero-post__content\">\r\n                                <ul class=\"post-tags ul_li mb-20\" data-animation=\"fadeInUp\" data-delay=\".1s\">\r\n\t\t\t\t\t\t\t\t                                    <li><span># Tags<\/span><\/li>\r\n\t\t\t\t\t\t\t\t\t                                    <li><a href=\"https:\/\/sendanoticiosa.com\/index.php\/tag\/cdmx\/\">CDMX<\/a><\/li>\r\n\t\t\t\t\t\t\t\t\t                                    <li><a href=\"https:\/\/sendanoticiosa.com\/index.php\/tag\/corrida-de-toros\/\">CORRIDA DE TOROS<\/a><\/li>\r\n\t\t\t\t\t\t\t\t\t                                    <li><a href=\"https:\/\/sendanoticiosa.com\/index.php\/tag\/toros\/\">TOROS<\/a><\/li>\r\n\t\t\t\t\t\t\t\t\t                                    <li><a href=\"https:\/\/sendanoticiosa.com\/index.php\/tag\/turomaquia\/\">TUROMAQUIA<\/a><\/li>\r\n\t\t\t\t\t\t\t\t\t                                <\/ul>\r\n                                <h2 class=\"post-title border-effect\" data-animation=\"fadeInUp\" data-delay=\".2s\"><a href=\"https:\/\/sendanoticiosa.com\/index.php\/2024\/01\/09\/retorno-de-corridas-de-toros-a-ciudad-de-mexico-un-reves-a-animalistas-que-entusiasma-a-aficionados\/\">Retorno de corridas de toros a Ciudad de M\u00e9xico, un rev\u00e9s a animalistas que entusiasma a aficionados<\/a><\/h2>\r\n                                <p data-animation=\"fadeInUp\" data-delay=\".3s\">La reciente decisi\u00f3n la Suprema Corte de Justicia de M\u00e9xico de levantar la suspensi\u00f3n de las corridas en la mayor plaza de toros del mundo \u2014por su n\u00famero<\/p>\r\n                                <ul class=\"post-meta post-meta--4 style-4 ul_li mt-30\" data-animation=\"fadeInUp\" data-delay=\".4s\">\r\n                                    <li>\r\n                                        <div class=\"post-meta__author ul_li\">\r\n                                            <div class=\"avatar\">\r\n\t\t\t\t\t\t\t\t\t\t\t\t<img alt='' src='https:\/\/secure.gravatar.com\/avatar\/ba34ef5c85a7337be858cab52ef8a3ec8e6226b79910ac1660585e274b4a4314?s=20&#038;d=mm&#038;r=g' srcset='https:\/\/secure.gravatar.com\/avatar\/ba34ef5c85a7337be858cab52ef8a3ec8e6226b79910ac1660585e274b4a4314?s=40&#038;d=mm&#038;r=g 2x' class='avatar avatar-20 photo' height='20' width='20' \/>                                            <\/div>\r\n                                            <span>sendanoticom \/ <span class=\"year\">3 years<\/span><\/span>\r\n                                        <\/div>\r\n                                    <\/li>\r\n                                    <li class=\"magezix-comment\"><i class=\"far fa-comment\"><\/i>0<\/li>\r\n                                    <li><i class=\"far fa-clock\"><\/i>6 min read<\/li>\r\n                                <\/ul>\r\n                            <\/div>\r\n                        <\/div>\r\n                    <\/div>\r\n                <\/div>\r\n                                <div class=\"hero-post__item hero-post__height bg_img d-flex align-content-center\" data-background=\"https:\/\/sendanoticiosa.com\/wp-content\/uploads\/2024\/01\/image-20.png\">\r\n                    <div class=\"row align-items-center\">\r\n                        <div class=\"col-xl-8 col-lg-7 col-md-8\">\r\n                            <div class=\"hero-post__content\">\r\n                                <ul class=\"post-tags ul_li mb-20\" data-animation=\"fadeInUp\" data-delay=\".1s\">\r\n\t\t\t\t\t\t\t\t                                    <li><span># Tags<\/span><\/li>\r\n\t\t\t\t\t\t\t\t\t                                    <li><a href=\"https:\/\/sendanoticiosa.com\/index.php\/tag\/candidatos\/\">CANDIDATOS<\/a><\/li>\r\n\t\t\t\t\t\t\t\t\t                                    <li><a href=\"https:\/\/sendanoticiosa.com\/index.php\/tag\/independiente\/\">INDEPENDIENTE<\/a><\/li>\r\n\t\t\t\t\t\t\t\t\t                                    <li><a href=\"https:\/\/sendanoticiosa.com\/index.php\/tag\/ine\/\">INE<\/a><\/li>\r\n\t\t\t\t\t\t\t\t\t                                <\/ul>\r\n                                <h2 class=\"post-title border-effect\" data-animation=\"fadeInUp\" data-delay=\".2s\"><a href=\"https:\/\/sendanoticiosa.com\/index.php\/2024\/01\/09\/ine-no-habra-candidatura-presidencial-independiente\/\">INE: no habr\u00e1 candidatura presidencial independiente<\/a><\/h2>\r\n                                <p data-animation=\"fadeInUp\" data-delay=\".3s\">CIUDAD DE M\u00c9XICO.- Las pr\u00f3ximas elecciones presidenciales no contar\u00e1n con candidaturas independientes. A diferencia de los comicios de 2018 en los que contendi\u00f3 el entonces gobernador de Nuevo<\/p>\r\n                                <ul class=\"post-meta post-meta--4 style-4 ul_li mt-30\" data-animation=\"fadeInUp\" data-delay=\".4s\">\r\n                                    <li>\r\n                                        <div class=\"post-meta__author ul_li\">\r\n                                            <div class=\"avatar\">\r\n\t\t\t\t\t\t\t\t\t\t\t\t<img alt='' src='https:\/\/secure.gravatar.com\/avatar\/ba34ef5c85a7337be858cab52ef8a3ec8e6226b79910ac1660585e274b4a4314?s=20&#038;d=mm&#038;r=g' srcset='https:\/\/secure.gravatar.com\/avatar\/ba34ef5c85a7337be858cab52ef8a3ec8e6226b79910ac1660585e274b4a4314?s=40&#038;d=mm&#038;r=g 2x' class='avatar avatar-20 photo' height='20' width='20' \/>                                            <\/div>\r\n                                            <span>sendanoticom \/ <span class=\"year\">3 years<\/span><\/span>\r\n                                        <\/div>\r\n                                    <\/li>\r\n                                    <li class=\"magezix-comment\"><i class=\"far fa-comment\"><\/i>0<\/li>\r\n                                    <li><i class=\"far fa-clock\"><\/i>4 min read<\/li>\r\n                                <\/ul>\r\n                            <\/div>\r\n                        <\/div>\r\n                    <\/div>\r\n                <\/div>\r\n                                <div class=\"hero-post__item hero-post__height bg_img d-flex align-content-center\" data-background=\"https:\/\/sendanoticiosa.com\/wp-content\/uploads\/2024\/01\/image-21.png\">\r\n                    <div class=\"row align-items-center\">\r\n                        <div class=\"col-xl-8 col-lg-7 col-md-8\">\r\n                            <div class=\"hero-post__content\">\r\n                                <ul class=\"post-tags ul_li mb-20\" data-animation=\"fadeInUp\" data-delay=\".1s\">\r\n\t\t\t\t\t\t\t\t                                    <li><span># Tags<\/span><\/li>\r\n\t\t\t\t\t\t\t\t\t                                    <li><a href=\"https:\/\/sendanoticiosa.com\/index.php\/tag\/elecciones-2024\/\">ELECCIONES 2024<\/a><\/li>\r\n\t\t\t\t\t\t\t\t\t                                    <li><a href=\"https:\/\/sendanoticiosa.com\/index.php\/tag\/ernestina-godoy\/\">ERNESTINA GODOY<\/a><\/li>\r\n\t\t\t\t\t\t\t\t\t                                    <li><a href=\"https:\/\/sendanoticiosa.com\/index.php\/tag\/pan\/\">PAN<\/a><\/li>\r\n\t\t\t\t\t\t\t\t\t                                    <li><a href=\"https:\/\/sendanoticiosa.com\/index.php\/tag\/prd\/\">PRD<\/a><\/li>\r\n\t\t\t\t\t\t\t\t\t                                    <li><a href=\"https:\/\/sendanoticiosa.com\/index.php\/tag\/pri\/\">PRI<\/a><\/li>\r\n\t\t\t\t\t\t\t\t\t                                    <li><a href=\"https:\/\/sendanoticiosa.com\/index.php\/tag\/xochitl-galavez\/\">XOCHITL GALAVEZ<\/a><\/li>\r\n\t\t\t\t\t\t\t\t\t                                <\/ul>\r\n                                <h2 class=\"post-title border-effect\" data-animation=\"fadeInUp\" data-delay=\".2s\"><a href=\"https:\/\/sendanoticiosa.com\/index.php\/2024\/01\/09\/xochitl-galvez-elogia-a-diputados-que-impidieron-la-ratificacion-de-ernestina-godoy\/\">X\u00f3chitl G\u00e1lvez elogia a diputados que impidieron la ratificaci\u00f3n de Ernestina Godoy<\/a><\/h2>\r\n                                <p data-animation=\"fadeInUp\" data-delay=\".3s\">CIUDAD DE M\u00c9XICO.- La precandidata presidencial por el PAN, PRI y PRD, X\u00f3chitl G\u00e1lvez Ruiz, reconoci\u00f3 a legisladores opositores en la Ciudad de M\u00e9xico por haber frenado la<\/p>\r\n                                <ul class=\"post-meta post-meta--4 style-4 ul_li mt-30\" data-animation=\"fadeInUp\" data-delay=\".4s\">\r\n                                    <li>\r\n                                        <div class=\"post-meta__author ul_li\">\r\n                                            <div class=\"avatar\">\r\n\t\t\t\t\t\t\t\t\t\t\t\t<img alt='' src='https:\/\/secure.gravatar.com\/avatar\/ba34ef5c85a7337be858cab52ef8a3ec8e6226b79910ac1660585e274b4a4314?s=20&#038;d=mm&#038;r=g' srcset='https:\/\/secure.gravatar.com\/avatar\/ba34ef5c85a7337be858cab52ef8a3ec8e6226b79910ac1660585e274b4a4314?s=40&#038;d=mm&#038;r=g 2x' class='avatar avatar-20 photo' height='20' width='20' \/>                                            <\/div>\r\n                                            <span>sendanoticom \/ <span class=\"year\">3 years<\/span><\/span>\r\n                                        <\/div>\r\n                                    <\/li>\r\n                                    <li class=\"magezix-comment\"><i class=\"far fa-comment\"><\/i>0<\/li>\r\n                                    <li><i class=\"far fa-clock\"><\/i>2 min read<\/li>\r\n                                <\/ul>\r\n                            <\/div>\r\n                        <\/div>\r\n                    <\/div>\r\n                <\/div>\r\n                            <\/div>\r\n        <\/div>\r\n        <div class=\"scroll-post hero-post__scroll mCustomScrollbar\" data-mcs-theme=\"dark\">\r\n\t\t\t\t            <div class=\"politics-post__item hero-post-item tx-post ul_li\">\r\n                <div class=\"post-thumb mzx-post__item\">\r\n\t\t\t\t\t<a href=\"https:\/\/sendanoticiosa.com\/index.php\/2026\/09\/05\/cruz-azul-pierde-poder-ofensivo-operan-a-delantero-y-sufre-baja-para-juego-contra-santos-en-liga-mx\/\"><img fetchpriority=\"high\" decoding=\"async\" width=\"1200\" height=\"675\" src=\"https:\/\/sendanoticiosa.com\/wp-content\/uploads\/2026\/09\/TY1gcYwkddmCOp.jpeg\" class=\"attachment-full size-full wp-post-image\" alt=\"Cruz Azul pierde poder ofensivo: operan a delantero y sufre baja para juego contra Santos en Liga MX\" srcset=\"https:\/\/sendanoticiosa.com\/wp-content\/uploads\/2026\/09\/TY1gcYwkddmCOp.jpeg 1200w, https:\/\/sendanoticiosa.com\/wp-content\/uploads\/2026\/09\/TY1gcYwkddmCOp-300x169.jpeg 300w, https:\/\/sendanoticiosa.com\/wp-content\/uploads\/2026\/09\/TY1gcYwkddmCOp-1024x576.jpeg 1024w, https:\/\/sendanoticiosa.com\/wp-content\/uploads\/2026\/09\/TY1gcYwkddmCOp-768x432.jpeg 768w, https:\/\/sendanoticiosa.com\/wp-content\/uploads\/2026\/09\/TY1gcYwkddmCOp-1170x658.jpeg 1170w, https:\/\/sendanoticiosa.com\/wp-content\/uploads\/2026\/09\/TY1gcYwkddmCOp-770x433.jpeg 770w, https:\/\/sendanoticiosa.com\/wp-content\/uploads\/2026\/09\/TY1gcYwkddmCOp-370x208.jpeg 370w, https:\/\/sendanoticiosa.com\/wp-content\/uploads\/2026\/09\/TY1gcYwkddmCOp-270x152.jpeg 270w\" sizes=\"(max-width: 1200px) 100vw, 1200px\" \/><\/a>\r\n                    <span class=\"post-number\">01<\/span>\r\n                <\/div>\r\n                <div class=\"post-content\">\r\n                            <a class=\"cat\" href=\"https:\/\/sendanoticiosa.com\/index.php\/category\/deportes\/\">\n        \tDeportes        <\/a>\n                        <h2 class=\"post-title border-effect-2\"><a href=\"https:\/\/sendanoticiosa.com\/index.php\/2026\/09\/05\/cruz-azul-pierde-poder-ofensivo-operan-a-delantero-y-sufre-baja-para-juego-contra-santos-en-liga-mx\/\">Cruz Azul pierde poder ofensivo: operan a delantero<\/a><\/h2>\r\n                    <ul class=\"post-meta post-meta--4 style-4 ul_li\">\r\n                        <li class=\"magezix-comment\"><i class=\"far fa-comment\"><\/i>0<\/li>\r\n                        <li><i class=\"far fa-clock\"><\/i>1 min read<\/li>\r\n                    <\/ul>\r\n                <\/div>\r\n            <\/div>\r\n                        <div class=\"politics-post__item hero-post-item tx-post ul_li\">\r\n                <div class=\"post-thumb mzx-post__item\">\r\n\t\t\t\t\t<a href=\"https:\/\/sendanoticiosa.com\/index.php\/2026\/09\/05\/america-esta-condicionando-el-arbitraje-critican-actitud-de-guillermo-almada-tras-eliminacion-de-leagues-cup\/\"><img decoding=\"async\" width=\"1200\" height=\"675\" src=\"https:\/\/sendanoticiosa.com\/wp-content\/uploads\/2026\/09\/6a9a577a538d9.jpeg\" class=\"attachment-full size-full wp-post-image\" alt=\"&quot;Am\u00e9rica est\u00e1 condicionando el arbitraje&quot;: Critican actitud de Guillermo Almada tras eliminaci\u00f3n de Leagues Cup\" srcset=\"https:\/\/sendanoticiosa.com\/wp-content\/uploads\/2026\/09\/6a9a577a538d9.jpeg 1200w, https:\/\/sendanoticiosa.com\/wp-content\/uploads\/2026\/09\/6a9a577a538d9-300x169.jpeg 300w, https:\/\/sendanoticiosa.com\/wp-content\/uploads\/2026\/09\/6a9a577a538d9-1024x576.jpeg 1024w, https:\/\/sendanoticiosa.com\/wp-content\/uploads\/2026\/09\/6a9a577a538d9-768x432.jpeg 768w, https:\/\/sendanoticiosa.com\/wp-content\/uploads\/2026\/09\/6a9a577a538d9-1170x658.jpeg 1170w, https:\/\/sendanoticiosa.com\/wp-content\/uploads\/2026\/09\/6a9a577a538d9-770x433.jpeg 770w, https:\/\/sendanoticiosa.com\/wp-content\/uploads\/2026\/09\/6a9a577a538d9-370x208.jpeg 370w, https:\/\/sendanoticiosa.com\/wp-content\/uploads\/2026\/09\/6a9a577a538d9-270x152.jpeg 270w\" sizes=\"(max-width: 1200px) 100vw, 1200px\" \/><\/a>\r\n                    <span class=\"post-number\">02<\/span>\r\n                <\/div>\r\n                <div class=\"post-content\">\r\n                            <a class=\"cat\" href=\"https:\/\/sendanoticiosa.com\/index.php\/category\/deportes\/\">\n        \tDeportes        <\/a>\n                        <h2 class=\"post-title border-effect-2\"><a href=\"https:\/\/sendanoticiosa.com\/index.php\/2026\/09\/05\/america-esta-condicionando-el-arbitraje-critican-actitud-de-guillermo-almada-tras-eliminacion-de-leagues-cup\/\">&#8220;Am\u00e9rica est\u00e1 condicionando el arbitraje&#8221;: Critican actitud de<\/a><\/h2>\r\n                    <ul class=\"post-meta post-meta--4 style-4 ul_li\">\r\n                        <li class=\"magezix-comment\"><i class=\"far fa-comment\"><\/i>0<\/li>\r\n                        <li><i class=\"far fa-clock\"><\/i>1 min read<\/li>\r\n                    <\/ul>\r\n                <\/div>\r\n            <\/div>\r\n                        <div class=\"politics-post__item hero-post-item tx-post ul_li\">\r\n                <div class=\"post-thumb mzx-post__item\">\r\n\t\t\t\t\t<a href=\"https:\/\/sendanoticiosa.com\/index.php\/2026\/09\/04\/henry-lanza-una-advertencia-al-liverpool-barcola-no-es-un-delantero-cualquiera\/\"><img decoding=\"async\" width=\"1700\" height=\"1000\" src=\"https:\/\/sendanoticiosa.com\/wp-content\/uploads\/2026\/09\/2025031215333067382.jpg\" class=\"attachment-full size-full wp-post-image\" alt=\"\" srcset=\"https:\/\/sendanoticiosa.com\/wp-content\/uploads\/2026\/09\/2025031215333067382.jpg 1700w, https:\/\/sendanoticiosa.com\/wp-content\/uploads\/2026\/09\/2025031215333067382-300x176.jpg 300w, https:\/\/sendanoticiosa.com\/wp-content\/uploads\/2026\/09\/2025031215333067382-1024x602.jpg 1024w, https:\/\/sendanoticiosa.com\/wp-content\/uploads\/2026\/09\/2025031215333067382-768x452.jpg 768w, https:\/\/sendanoticiosa.com\/wp-content\/uploads\/2026\/09\/2025031215333067382-1536x904.jpg 1536w, https:\/\/sendanoticiosa.com\/wp-content\/uploads\/2026\/09\/2025031215333067382-770x453.jpg 770w, https:\/\/sendanoticiosa.com\/wp-content\/uploads\/2026\/09\/2025031215333067382-370x218.jpg 370w\" sizes=\"(max-width: 1700px) 100vw, 1700px\" \/><\/a>\r\n                    <span class=\"post-number\">03<\/span>\r\n                <\/div>\r\n                <div class=\"post-content\">\r\n                            <a class=\"cat\" href=\"https:\/\/sendanoticiosa.com\/index.php\/category\/deportes\/\">\n        \tDeportes        <\/a>\n                        <h2 class=\"post-title border-effect-2\"><a href=\"https:\/\/sendanoticiosa.com\/index.php\/2026\/09\/04\/henry-lanza-una-advertencia-al-liverpool-barcola-no-es-un-delantero-cualquiera\/\">Henry lanza una advertencia al Liverpool: Barcola no<\/a><\/h2>\r\n                    <ul class=\"post-meta post-meta--4 style-4 ul_li\">\r\n                        <li class=\"magezix-comment\"><i class=\"far fa-comment\"><\/i>0<\/li>\r\n                        <li><i class=\"far fa-clock\"><\/i>7 min read<\/li>\r\n                    <\/ul>\r\n                <\/div>\r\n            <\/div>\r\n                        <div class=\"politics-post__item hero-post-item tx-post ul_li\">\r\n                <div class=\"post-thumb mzx-post__item\">\r\n\t\t\t\t\t<a href=\"https:\/\/sendanoticiosa.com\/index.php\/2026\/09\/04\/cuando-juegan-monterrey-vs-toluca-la-final-de-la-leagues-cup-2026-fecha-y-transmision\/\"><img loading=\"lazy\" decoding=\"async\" width=\"1200\" height=\"675\" src=\"https:\/\/sendanoticiosa.com\/wp-content\/uploads\/2026\/09\/6a990a1059c2a.jpeg\" class=\"attachment-full size-full wp-post-image\" alt=\"\u00bfCu\u00e1ndo juegan Monterrey vs Toluca la Final de la Leagues Cup 2026? Fecha y transmisi\u00f3n\" srcset=\"https:\/\/sendanoticiosa.com\/wp-content\/uploads\/2026\/09\/6a990a1059c2a.jpeg 1200w, https:\/\/sendanoticiosa.com\/wp-content\/uploads\/2026\/09\/6a990a1059c2a-300x169.jpeg 300w, https:\/\/sendanoticiosa.com\/wp-content\/uploads\/2026\/09\/6a990a1059c2a-1024x576.jpeg 1024w, https:\/\/sendanoticiosa.com\/wp-content\/uploads\/2026\/09\/6a990a1059c2a-768x432.jpeg 768w, https:\/\/sendanoticiosa.com\/wp-content\/uploads\/2026\/09\/6a990a1059c2a-1170x658.jpeg 1170w, https:\/\/sendanoticiosa.com\/wp-content\/uploads\/2026\/09\/6a990a1059c2a-770x433.jpeg 770w, https:\/\/sendanoticiosa.com\/wp-content\/uploads\/2026\/09\/6a990a1059c2a-370x208.jpeg 370w, https:\/\/sendanoticiosa.com\/wp-content\/uploads\/2026\/09\/6a990a1059c2a-270x152.jpeg 270w\" sizes=\"(max-width: 1200px) 100vw, 1200px\" \/><\/a>\r\n                    <span class=\"post-number\">04<\/span>\r\n                <\/div>\r\n                <div class=\"post-content\">\r\n                            <a class=\"cat\" href=\"https:\/\/sendanoticiosa.com\/index.php\/category\/deportes\/\">\n        \tDeportes        <\/a>\n                        <h2 class=\"post-title border-effect-2\"><a href=\"https:\/\/sendanoticiosa.com\/index.php\/2026\/09\/04\/cuando-juegan-monterrey-vs-toluca-la-final-de-la-leagues-cup-2026-fecha-y-transmision\/\">\u00bfCu\u00e1ndo juegan Monterrey vs Toluca la Final de<\/a><\/h2>\r\n                    <ul class=\"post-meta post-meta--4 style-4 ul_li\">\r\n                        <li class=\"magezix-comment\"><i class=\"far fa-comment\"><\/i>0<\/li>\r\n                        <li><i class=\"far fa-clock\"><\/i>1 min read<\/li>\r\n                    <\/ul>\r\n                <\/div>\r\n            <\/div>\r\n                    <\/div>\r\n    <\/section>\r\n    <!-- hero post end -->\r\n    \t\t\t\t<\/div>\n\t\t\t\t<\/div>\n\t\t\t\t\t<\/div>\n\t\t<\/div>\n\t\t\t\t\t<\/div>\n\t\t<\/section>\n\t\t\t\t<section class=\"elementor-section elementor-top-section elementor-element elementor-element-627a708c elementor-section-boxed elementor-section-height-default elementor-section-height-default\" data-id=\"627a708c\" data-element_type=\"section\" data-e-type=\"section\">\n\t\t\t\t\t\t<div class=\"elementor-container elementor-column-gap-default\">\n\t\t\t\t\t<div class=\"elementor-column elementor-col-25 elementor-top-column elementor-element elementor-element-fde183c\" data-id=\"fde183c\" data-element_type=\"column\" data-e-type=\"column\">\n\t\t\t<div class=\"elementor-widget-wrap elementor-element-populated\">\n\t\t\t\t\t\t<div class=\"elementor-element elementor-element-14bed5ac elementor-widget elementor-widget-magezix-post-list-scroll\" data-id=\"14bed5ac\" data-element_type=\"widget\" data-e-type=\"widget\" data-widget_type=\"magezix-post-list-scroll.default\">\n\t\t\t\t<div class=\"elementor-widget-container\">\n\t\t\t\t\t            <div class=\"politics-post__head mb-30 ul_li_between\">\r\n            <h2 class=\"tx-section-heading style-3 mb-30\">\r\n                <span>Internacional<\/span>\r\n            <\/h2>\r\n        <\/div>\r\n        <div class=\"scroll-post mCustomScrollbar\" data-mcs-theme=\"dark\">\r\n                <div class=\"politics-post__item tx-post ul_li\">\r\n            <div class=\"post-thumb mzx-post__item\">\r\n                <a href=\"https:\/\/sendanoticiosa.com\/index.php\/2026\/09\/02\/otra-vez-sube-el-diesel-a-nivel-internacional-que-pasara-en-paraguay\/\"><img loading=\"lazy\" decoding=\"async\" width=\"770\" height=\"528\" src=\"https:\/\/sendanoticiosa.com\/wp-content\/uploads\/2026\/09\/7RNSRHNTD5CNZBEIYMAFLYF6PQ.jpg\" class=\"attachment-full size-full wp-post-image\" alt=\"\" srcset=\"https:\/\/sendanoticiosa.com\/wp-content\/uploads\/2026\/09\/7RNSRHNTD5CNZBEIYMAFLYF6PQ.jpg 770w, https:\/\/sendanoticiosa.com\/wp-content\/uploads\/2026\/09\/7RNSRHNTD5CNZBEIYMAFLYF6PQ-300x206.jpg 300w, https:\/\/sendanoticiosa.com\/wp-content\/uploads\/2026\/09\/7RNSRHNTD5CNZBEIYMAFLYF6PQ-768x527.jpg 768w, https:\/\/sendanoticiosa.com\/wp-content\/uploads\/2026\/09\/7RNSRHNTD5CNZBEIYMAFLYF6PQ-370x254.jpg 370w\" sizes=\"(max-width: 770px) 100vw, 770px\" \/><\/a>\r\n                <span class=\"post-number\">01<\/span>\r\n            <\/div>\r\n            <div class=\"post-content\">\r\n                        <a class=\"cat\" href=\"https:\/\/sendanoticiosa.com\/index.php\/category\/internacional\/\">\n        \tInternacional        <\/a>\n                    <h2 class=\"post-title border-effect-2\"><a href=\"https:\/\/sendanoticiosa.com\/index.php\/2026\/09\/02\/otra-vez-sube-el-diesel-a-nivel-internacional-que-pasara-en-paraguay\/\">Otra vez sube el di\u00e9sel a nivel internacional:<\/a><\/h2>\r\n                <div class=\"post-meta post-meta--2 ul_li\">\r\n                    <div class=\"post-meta__author ul_li\">\r\n                        <div class=\"avatar\">\r\n                            <img alt='' src='https:\/\/secure.gravatar.com\/avatar\/ba34ef5c85a7337be858cab52ef8a3ec8e6226b79910ac1660585e274b4a4314?s=22&#038;d=mm&#038;r=g' srcset='https:\/\/secure.gravatar.com\/avatar\/ba34ef5c85a7337be858cab52ef8a3ec8e6226b79910ac1660585e274b4a4314?s=44&#038;d=mm&#038;r=g 2x' class='avatar avatar-22 photo' height='22' width='22' \/>                        <\/div>\r\n                        <span>sendanoticom<\/span>\r\n                    <\/div>\r\n                    <span class=\"date\"><i class=\"far fa-calendar-alt\"><\/i>Sep 02, 2026<\/span>\r\n                <\/div>\r\n            <\/div>\r\n        <\/div>\r\n                <div class=\"politics-post__item tx-post ul_li\">\r\n            <div class=\"post-thumb mzx-post__item\">\r\n                <a href=\"https:\/\/sendanoticiosa.com\/index.php\/2026\/08\/25\/exigen-a-presidente-de-chile-aclarar-relacion-con-fernando-cerimedo\/\"><img loading=\"lazy\" decoding=\"async\" width=\"1068\" height=\"712\" src=\"https:\/\/sendanoticiosa.com\/wp-content\/uploads\/2026\/08\/ljz.mx-exigen-a-presidente-de-chile-aclarar-relacion-con-fernando-cerimedo-today17-1068x712-1.jpg\" class=\"attachment-full size-full wp-post-image\" alt=\"\" srcset=\"https:\/\/sendanoticiosa.com\/wp-content\/uploads\/2026\/08\/ljz.mx-exigen-a-presidente-de-chile-aclarar-relacion-con-fernando-cerimedo-today17-1068x712-1.jpg 1068w, https:\/\/sendanoticiosa.com\/wp-content\/uploads\/2026\/08\/ljz.mx-exigen-a-presidente-de-chile-aclarar-relacion-con-fernando-cerimedo-today17-1068x712-1-300x200.jpg 300w, https:\/\/sendanoticiosa.com\/wp-content\/uploads\/2026\/08\/ljz.mx-exigen-a-presidente-de-chile-aclarar-relacion-con-fernando-cerimedo-today17-1068x712-1-1024x683.jpg 1024w, https:\/\/sendanoticiosa.com\/wp-content\/uploads\/2026\/08\/ljz.mx-exigen-a-presidente-de-chile-aclarar-relacion-con-fernando-cerimedo-today17-1068x712-1-768x512.jpg 768w, https:\/\/sendanoticiosa.com\/wp-content\/uploads\/2026\/08\/ljz.mx-exigen-a-presidente-de-chile-aclarar-relacion-con-fernando-cerimedo-today17-1068x712-1-770x513.jpg 770w, https:\/\/sendanoticiosa.com\/wp-content\/uploads\/2026\/08\/ljz.mx-exigen-a-presidente-de-chile-aclarar-relacion-con-fernando-cerimedo-today17-1068x712-1-370x247.jpg 370w\" sizes=\"(max-width: 1068px) 100vw, 1068px\" \/><\/a>\r\n                <span class=\"post-number\">02<\/span>\r\n            <\/div>\r\n            <div class=\"post-content\">\r\n                        <a class=\"cat\" href=\"https:\/\/sendanoticiosa.com\/index.php\/category\/internacional\/\">\n        \tInternacional        <\/a>\n                    <h2 class=\"post-title border-effect-2\"><a href=\"https:\/\/sendanoticiosa.com\/index.php\/2026\/08\/25\/exigen-a-presidente-de-chile-aclarar-relacion-con-fernando-cerimedo\/\">Exigen a presidente de Chile aclarar relaci\u00f3n con<\/a><\/h2>\r\n                <div class=\"post-meta post-meta--2 ul_li\">\r\n                    <div class=\"post-meta__author ul_li\">\r\n                        <div class=\"avatar\">\r\n                            <img alt='' src='https:\/\/secure.gravatar.com\/avatar\/ba34ef5c85a7337be858cab52ef8a3ec8e6226b79910ac1660585e274b4a4314?s=22&#038;d=mm&#038;r=g' srcset='https:\/\/secure.gravatar.com\/avatar\/ba34ef5c85a7337be858cab52ef8a3ec8e6226b79910ac1660585e274b4a4314?s=44&#038;d=mm&#038;r=g 2x' class='avatar avatar-22 photo' height='22' width='22' \/>                        <\/div>\r\n                        <span>sendanoticom<\/span>\r\n                    <\/div>\r\n                    <span class=\"date\"><i class=\"far fa-calendar-alt\"><\/i>Aug 25, 2026<\/span>\r\n                <\/div>\r\n            <\/div>\r\n        <\/div>\r\n                <div class=\"politics-post__item tx-post ul_li\">\r\n            <div class=\"post-thumb mzx-post__item\">\r\n                <a href=\"https:\/\/sendanoticiosa.com\/index.php\/2026\/08\/14\/el-cambio-de-avion-en-secreto-por-que-la-maniobra-para-proteger-a-trump-genera-interrogantes-de-seguridad\/\"><img loading=\"lazy\" decoding=\"async\" width=\"1200\" height=\"750\" src=\"https:\/\/sendanoticiosa.com\/wp-content\/uploads\/2026\/08\/34.-El-cambio-de-avion-en-secre.jpg\" class=\"attachment-full size-full wp-post-image\" alt=\"\" srcset=\"https:\/\/sendanoticiosa.com\/wp-content\/uploads\/2026\/08\/34.-El-cambio-de-avion-en-secre.jpg 1200w, https:\/\/sendanoticiosa.com\/wp-content\/uploads\/2026\/08\/34.-El-cambio-de-avion-en-secre-300x188.jpg 300w, https:\/\/sendanoticiosa.com\/wp-content\/uploads\/2026\/08\/34.-El-cambio-de-avion-en-secre-1024x640.jpg 1024w, https:\/\/sendanoticiosa.com\/wp-content\/uploads\/2026\/08\/34.-El-cambio-de-avion-en-secre-768x480.jpg 768w, https:\/\/sendanoticiosa.com\/wp-content\/uploads\/2026\/08\/34.-El-cambio-de-avion-en-secre-770x481.jpg 770w, https:\/\/sendanoticiosa.com\/wp-content\/uploads\/2026\/08\/34.-El-cambio-de-avion-en-secre-370x231.jpg 370w\" sizes=\"(max-width: 1200px) 100vw, 1200px\" \/><\/a>\r\n                <span class=\"post-number\">03<\/span>\r\n            <\/div>\r\n            <div class=\"post-content\">\r\n                        <a class=\"cat\" href=\"https:\/\/sendanoticiosa.com\/index.php\/category\/internacional\/\">\n        \tInternacional        <\/a>\n                    <h2 class=\"post-title border-effect-2\"><a href=\"https:\/\/sendanoticiosa.com\/index.php\/2026\/08\/14\/el-cambio-de-avion-en-secreto-por-que-la-maniobra-para-proteger-a-trump-genera-interrogantes-de-seguridad\/\">El cambio de avi\u00f3n en secreto: \u00bfpor qu\u00e9<\/a><\/h2>\r\n                <div class=\"post-meta post-meta--2 ul_li\">\r\n                    <div class=\"post-meta__author ul_li\">\r\n                        <div class=\"avatar\">\r\n                            <img alt='' src='https:\/\/secure.gravatar.com\/avatar\/ba34ef5c85a7337be858cab52ef8a3ec8e6226b79910ac1660585e274b4a4314?s=22&#038;d=mm&#038;r=g' srcset='https:\/\/secure.gravatar.com\/avatar\/ba34ef5c85a7337be858cab52ef8a3ec8e6226b79910ac1660585e274b4a4314?s=44&#038;d=mm&#038;r=g 2x' class='avatar avatar-22 photo' height='22' width='22' \/>                        <\/div>\r\n                        <span>sendanoticom<\/span>\r\n                    <\/div>\r\n                    <span class=\"date\"><i class=\"far fa-calendar-alt\"><\/i>Aug 14, 2026<\/span>\r\n                <\/div>\r\n            <\/div>\r\n        <\/div>\r\n                <div class=\"politics-post__item tx-post ul_li\">\r\n            <div class=\"post-thumb mzx-post__item\">\r\n                <a href=\"https:\/\/sendanoticiosa.com\/index.php\/2026\/08\/10\/dos-conductores-sufren-quemaduras-y-demandan-a-mercedes-amg\/\"><img loading=\"lazy\" decoding=\"async\" width=\"1024\" height=\"682\" src=\"https:\/\/sendanoticiosa.com\/wp-content\/uploads\/2026\/08\/34.-Dos-conductores-sufren-quema.webp\" class=\"attachment-full size-full wp-post-image\" alt=\"\" srcset=\"https:\/\/sendanoticiosa.com\/wp-content\/uploads\/2026\/08\/34.-Dos-conductores-sufren-quema.webp 1024w, https:\/\/sendanoticiosa.com\/wp-content\/uploads\/2026\/08\/34.-Dos-conductores-sufren-quema-300x200.webp 300w, https:\/\/sendanoticiosa.com\/wp-content\/uploads\/2026\/08\/34.-Dos-conductores-sufren-quema-768x512.webp 768w, https:\/\/sendanoticiosa.com\/wp-content\/uploads\/2026\/08\/34.-Dos-conductores-sufren-quema-770x513.webp 770w, https:\/\/sendanoticiosa.com\/wp-content\/uploads\/2026\/08\/34.-Dos-conductores-sufren-quema-370x246.webp 370w\" sizes=\"(max-width: 1024px) 100vw, 1024px\" \/><\/a>\r\n                <span class=\"post-number\">04<\/span>\r\n            <\/div>\r\n            <div class=\"post-content\">\r\n                        <a class=\"cat\" href=\"https:\/\/sendanoticiosa.com\/index.php\/category\/internacional\/\">\n        \tInternacional        <\/a>\n                    <h2 class=\"post-title border-effect-2\"><a href=\"https:\/\/sendanoticiosa.com\/index.php\/2026\/08\/10\/dos-conductores-sufren-quemaduras-y-demandan-a-mercedes-amg\/\">Dos conductores sufren quemaduras y demandan a Mercedes-AMG<\/a><\/h2>\r\n                <div class=\"post-meta post-meta--2 ul_li\">\r\n                    <div class=\"post-meta__author ul_li\">\r\n                        <div class=\"avatar\">\r\n                            <img alt='' src='https:\/\/secure.gravatar.com\/avatar\/ba34ef5c85a7337be858cab52ef8a3ec8e6226b79910ac1660585e274b4a4314?s=22&#038;d=mm&#038;r=g' srcset='https:\/\/secure.gravatar.com\/avatar\/ba34ef5c85a7337be858cab52ef8a3ec8e6226b79910ac1660585e274b4a4314?s=44&#038;d=mm&#038;r=g 2x' class='avatar avatar-22 photo' height='22' width='22' \/>                        <\/div>\r\n                        <span>sendanoticom<\/span>\r\n                    <\/div>\r\n                    <span class=\"date\"><i class=\"far fa-calendar-alt\"><\/i>Aug 10, 2026<\/span>\r\n                <\/div>\r\n            <\/div>\r\n        <\/div>\r\n            <\/div>\r\n\r\n\r\n    \t\t\t\t<\/div>\n\t\t\t\t<\/div>\n\t\t\t\t\t<\/div>\n\t\t<\/div>\n\t\t\t\t<div class=\"elementor-column elementor-col-50 elementor-top-column elementor-element elementor-element-3126b857\" data-id=\"3126b857\" data-element_type=\"column\" data-e-type=\"column\">\n\t\t\t<div class=\"elementor-widget-wrap elementor-element-populated\">\n\t\t\t\t\t\t<div class=\"elementor-element elementor-element-1526bcbd elementor-widget elementor-widget-magezix-post-horizontal\" data-id=\"1526bcbd\" data-element_type=\"widget\" data-e-type=\"widget\" data-widget_type=\"magezix-post-horizontal.default\">\n\t\t\t\t<div class=\"elementor-widget-container\">\n\t\t\t\t\t            \r\n    <div class=\"politics-post__video tx-post ul_li\">\r\n    <div class=\"post-thumb br-4\">\r\n        <a href=\"single-post.html\"><img loading=\"lazy\" decoding=\"async\" width=\"948\" height=\"465\" src=\"https:\/\/sendanoticiosa.com\/wp-content\/uploads\/2024\/04\/image-41.png\" class=\"attachment-full size-full wp-post-image\" alt=\"\" srcset=\"https:\/\/sendanoticiosa.com\/wp-content\/uploads\/2024\/04\/image-41.png 948w, https:\/\/sendanoticiosa.com\/wp-content\/uploads\/2024\/04\/image-41-300x147.png 300w, https:\/\/sendanoticiosa.com\/wp-content\/uploads\/2024\/04\/image-41-768x377.png 768w, https:\/\/sendanoticiosa.com\/wp-content\/uploads\/2024\/04\/image-41-770x378.png 770w, https:\/\/sendanoticiosa.com\/wp-content\/uploads\/2024\/04\/image-41-370x181.png 370w\" sizes=\"(max-width: 948px) 100vw, 948px\" \/><\/a>\r\n            <\/div>\r\n    <div class=\"post-content\">\r\n        <h2 class=\"post-title border-effect fs-24\"><a href=\"https:\/\/sendanoticiosa.com\/index.php\/2024\/04\/29\/xochitl-galvez-mas-incisiva-sheinbaum-reafirma-lealtad-a-amlo-maynez-propositivo\/\">X\u00f3chitl G\u00e1lvez, m\u00e1s incisiva; Sheinbaum reafirma lealtad<\/a><\/h2>\r\n        <p>Este debate fue m\u00e1s \u00e1gil que el primero y hubo tiempo de tratar temas coyunturales, como el de las pensiones de personas de 70 a\u00f1os y m\u00e1s que, por v\u00eda<\/p>\r\n        <ul class=\"post-meta post-meta--4 style-4 style-2 ul_li\">\r\n            <li>\r\n                <div class=\"post-meta__author ul_li\">\r\n                    <div class=\"avatar\">\r\n                        <img alt='' src='https:\/\/secure.gravatar.com\/avatar\/ba34ef5c85a7337be858cab52ef8a3ec8e6226b79910ac1660585e274b4a4314?s=20&#038;d=mm&#038;r=g' srcset='https:\/\/secure.gravatar.com\/avatar\/ba34ef5c85a7337be858cab52ef8a3ec8e6226b79910ac1660585e274b4a4314?s=40&#038;d=mm&#038;r=g 2x' class='avatar avatar-20 photo' height='20' width='20' \/>                    <\/div>\r\n                    <span>sendanoticom \/ 2 years<\/span>\r\n                <\/div>\r\n            <\/li>\r\n            <li class=\"magezix-comment\"><i class=\"far fa-comments-alt\"><\/i>Comment (0)<\/li>\r\n        <\/ul>\r\n    <\/div>\r\n<\/div>\t\r\n    \r\n    <div class=\"politics-post__video tx-post ul_li\">\r\n    <div class=\"post-thumb br-4\">\r\n        <a href=\"single-post.html\"><img loading=\"lazy\" decoding=\"async\" width=\"948\" height=\"465\" src=\"https:\/\/sendanoticiosa.com\/wp-content\/uploads\/2024\/04\/image-39.png\" class=\"attachment-full size-full wp-post-image\" alt=\"\" srcset=\"https:\/\/sendanoticiosa.com\/wp-content\/uploads\/2024\/04\/image-39.png 948w, https:\/\/sendanoticiosa.com\/wp-content\/uploads\/2024\/04\/image-39-300x147.png 300w, https:\/\/sendanoticiosa.com\/wp-content\/uploads\/2024\/04\/image-39-768x377.png 768w, https:\/\/sendanoticiosa.com\/wp-content\/uploads\/2024\/04\/image-39-770x378.png 770w, https:\/\/sendanoticiosa.com\/wp-content\/uploads\/2024\/04\/image-39-370x181.png 370w\" sizes=\"(max-width: 948px) 100vw, 948px\" \/><\/a>\r\n            <\/div>\r\n    <div class=\"post-content\">\r\n        <h2 class=\"post-title border-effect fs-24\"><a href=\"https:\/\/sendanoticiosa.com\/index.php\/2024\/04\/26\/consuma-senado-reforma-a-pensiones-es-un-atraco-a-trabajadores-acusa-oposicion\/\">Consuma Senado reforma a pensiones; &#8220;es un<\/a><\/h2>\r\n        <p>&#8220;Ustedes no est\u00e1n haciendo otra cosa m\u00e1s que robar. Son ustedes unos vulgares rateros, vulgares corruptos\u201d, acus\u00f3 la senadora\u00a0 priista, Claudia Anaya Tras un atropellado debate donde la oposici\u00f3n acus\u00f3<\/p>\r\n        <ul class=\"post-meta post-meta--4 style-4 style-2 ul_li\">\r\n            <li>\r\n                <div class=\"post-meta__author ul_li\">\r\n                    <div class=\"avatar\">\r\n                        <img alt='' src='https:\/\/secure.gravatar.com\/avatar\/ba34ef5c85a7337be858cab52ef8a3ec8e6226b79910ac1660585e274b4a4314?s=20&#038;d=mm&#038;r=g' srcset='https:\/\/secure.gravatar.com\/avatar\/ba34ef5c85a7337be858cab52ef8a3ec8e6226b79910ac1660585e274b4a4314?s=40&#038;d=mm&#038;r=g 2x' class='avatar avatar-20 photo' height='20' width='20' \/>                    <\/div>\r\n                    <span>sendanoticom \/ 2 years<\/span>\r\n                <\/div>\r\n            <\/li>\r\n            <li class=\"magezix-comment\"><i class=\"far fa-comments-alt\"><\/i>Comment (0)<\/li>\r\n        <\/ul>\r\n    <\/div>\r\n<\/div>\t\r\n    \r\n    <div class=\"politics-post__video tx-post ul_li\">\r\n    <div class=\"post-thumb br-4\">\r\n        <a href=\"single-post.html\"><img loading=\"lazy\" decoding=\"async\" width=\"685\" height=\"385\" src=\"https:\/\/sendanoticiosa.com\/wp-content\/uploads\/2024\/04\/image-36.png\" class=\"attachment-full size-full wp-post-image\" alt=\"\" srcset=\"https:\/\/sendanoticiosa.com\/wp-content\/uploads\/2024\/04\/image-36.png 685w, https:\/\/sendanoticiosa.com\/wp-content\/uploads\/2024\/04\/image-36-300x169.png 300w, https:\/\/sendanoticiosa.com\/wp-content\/uploads\/2024\/04\/image-36-370x208.png 370w, https:\/\/sendanoticiosa.com\/wp-content\/uploads\/2024\/04\/image-36-270x152.png 270w\" sizes=\"(max-width: 685px) 100vw, 685px\" \/><\/a>\r\n            <\/div>\r\n    <div class=\"post-content\">\r\n        <h2 class=\"post-title border-effect fs-24\"><a href=\"https:\/\/sendanoticiosa.com\/index.php\/2024\/04\/23\/morena-preve-aprobar-el-miercoles-en-san-lazaro-reformas-sobre-amparo-y-amnistia\/\">Morena prev\u00e9 aprobar el mi\u00e9rcoles en San<\/a><\/h2>\r\n        <p>La Comisi\u00f3n de Justicia ya convoc\u00f3 a sesi\u00f3n ordinaria para este martes para discutir ambas propuestas que, de ser aprobadas, pasar\u00e1n al pleno camaral al d\u00eda siguiente. CIUDAD DE M\u00c9XICO<\/p>\r\n        <ul class=\"post-meta post-meta--4 style-4 style-2 ul_li\">\r\n            <li>\r\n                <div class=\"post-meta__author ul_li\">\r\n                    <div class=\"avatar\">\r\n                        <img alt='' src='https:\/\/secure.gravatar.com\/avatar\/ba34ef5c85a7337be858cab52ef8a3ec8e6226b79910ac1660585e274b4a4314?s=20&#038;d=mm&#038;r=g' srcset='https:\/\/secure.gravatar.com\/avatar\/ba34ef5c85a7337be858cab52ef8a3ec8e6226b79910ac1660585e274b4a4314?s=40&#038;d=mm&#038;r=g 2x' class='avatar avatar-20 photo' height='20' width='20' \/>                    <\/div>\r\n                    <span>sendanoticom \/ 2 years<\/span>\r\n                <\/div>\r\n            <\/li>\r\n            <li class=\"magezix-comment\"><i class=\"far fa-comments-alt\"><\/i>Comment (0)<\/li>\r\n        <\/ul>\r\n    <\/div>\r\n<\/div>\t\r\n    \r\n    \t\t\r\n    \t\t\t\t<\/div>\n\t\t\t\t<\/div>\n\t\t\t\t\t<\/div>\n\t\t<\/div>\n\t\t\t\t<div class=\"elementor-column elementor-col-25 elementor-top-column elementor-element elementor-element-41016e3a\" data-id=\"41016e3a\" data-element_type=\"column\" data-e-type=\"column\">\n\t\t\t<div class=\"elementor-widget-wrap elementor-element-populated\">\n\t\t\t\t\t\t<div class=\"elementor-element elementor-element-3cc4daf0 elementor-widget elementor-widget-magezix-post-overlay\" data-id=\"3cc4daf0\" data-element_type=\"widget\" data-e-type=\"widget\" data-widget_type=\"magezix-post-overlay.default\">\n\t\t\t\t<div class=\"elementor-widget-container\">\n\t\t\t\t\t\t\t<span class=\"politics-sec-heading\">Trending<\/span>\r\n \r\n<div class=\"tx-post tx-post-overly tx-post-overly--md\">\r\n    <div class=\"post-thumb mzx-post__item br-0 hlg-595\">\r\n        <a href=\"https:\/\/sendanoticiosa.com\/index.php\/2026\/09\/05\/cruz-azul-pierde-poder-ofensivo-operan-a-delantero-y-sufre-baja-para-juego-contra-santos-en-liga-mx\/\"><img fetchpriority=\"high\" decoding=\"async\" width=\"1200\" height=\"675\" src=\"https:\/\/sendanoticiosa.com\/wp-content\/uploads\/2026\/09\/TY1gcYwkddmCOp.jpeg\" class=\"attachment-full size-full wp-post-image\" alt=\"Cruz Azul pierde poder ofensivo: operan a delantero y sufre baja para juego contra Santos en Liga MX\" srcset=\"https:\/\/sendanoticiosa.com\/wp-content\/uploads\/2026\/09\/TY1gcYwkddmCOp.jpeg 1200w, https:\/\/sendanoticiosa.com\/wp-content\/uploads\/2026\/09\/TY1gcYwkddmCOp-300x169.jpeg 300w, https:\/\/sendanoticiosa.com\/wp-content\/uploads\/2026\/09\/TY1gcYwkddmCOp-1024x576.jpeg 1024w, https:\/\/sendanoticiosa.com\/wp-content\/uploads\/2026\/09\/TY1gcYwkddmCOp-768x432.jpeg 768w, https:\/\/sendanoticiosa.com\/wp-content\/uploads\/2026\/09\/TY1gcYwkddmCOp-1170x658.jpeg 1170w, https:\/\/sendanoticiosa.com\/wp-content\/uploads\/2026\/09\/TY1gcYwkddmCOp-770x433.jpeg 770w, https:\/\/sendanoticiosa.com\/wp-content\/uploads\/2026\/09\/TY1gcYwkddmCOp-370x208.jpeg 370w, https:\/\/sendanoticiosa.com\/wp-content\/uploads\/2026\/09\/TY1gcYwkddmCOp-270x152.jpeg 270w\" sizes=\"(max-width: 1200px) 100vw, 1200px\" \/><\/a>\r\n    <\/div>\r\n    <div class=\"post-content\">\r\n        <h2 class=\"post-title border-effect fs-20\"><a href=\"https:\/\/sendanoticiosa.com\/index.php\/2026\/09\/05\/cruz-azul-pierde-poder-ofensivo-operan-a-delantero-y-sufre-baja-para-juego-contra-santos-en-liga-mx\/\">Cruz Azul pierde poder ofensivo: operan a delantero y sufre baja para juego contra Santos en Liga MX<\/a><\/h2>\r\n        <div class=\"tags-slide-wrap ul_li mt-20\">\r\n                <\/div>\r\n    <\/div>\r\n<\/div>\r\n\t\t\r\n    \t\t\t\t<\/div>\n\t\t\t\t<\/div>\n\t\t\t\t\t<\/div>\n\t\t<\/div>\n\t\t\t\t\t<\/div>\n\t\t<\/section>\n\t\t\t\t<section class=\"elementor-section elementor-top-section elementor-element elementor-element-5328e579 elementor-section-boxed elementor-section-height-default elementor-section-height-default\" data-id=\"5328e579\" data-element_type=\"section\" data-e-type=\"section\">\n\t\t\t\t\t\t<div class=\"elementor-container elementor-column-gap-default\">\n\t\t\t\t\t<div class=\"elementor-column elementor-col-66 elementor-top-column elementor-element elementor-element-1d70c20a\" data-id=\"1d70c20a\" data-element_type=\"column\" data-e-type=\"column\">\n\t\t\t<div class=\"elementor-widget-wrap elementor-element-populated\">\n\t\t\t\t\t\t<div class=\"elementor-element elementor-element-5c487149 elementor-widget elementor-widget-magezix-post-tiles\" data-id=\"5c487149\" data-element_type=\"widget\" data-e-type=\"widget\" data-widget_type=\"magezix-post-tiles.default\">\n\t\t\t\t<div class=\"elementor-widget-container\">\n\t\t\t\t\t    \r\n\t\t\r\n<h2 class=\"tx-section-heading style-3 mb-30\">\r\n    <span>World <span>News<\/span><\/span>\r\n<\/h2>\r\n<div class=\"row mt-none-30 justify-content-center\">\r\n        <div class=\"col-xl-8 col-lg-6 col-md-6 mt-30\">\r\n        <div class=\"video-post__item video-post__item--lg tx-post tx-post-overly\">\r\n            <div class=\"post-thumb h-507\">\r\n                <a href=\"https:\/\/sendanoticiosa.com\/index.php\/2024\/01\/09\/sheinbaum-invita-a-ernestina-godoy-a-contender-por-el-senado-tras-no-ser-ratificada-como-fiscal\/\"><img loading=\"lazy\" decoding=\"async\" width=\"1600\" height=\"1067\" src=\"https:\/\/sendanoticiosa.com\/wp-content\/uploads\/2024\/01\/image-16.png\" class=\"attachment-full size-full wp-post-image\" alt=\"\" srcset=\"https:\/\/sendanoticiosa.com\/wp-content\/uploads\/2024\/01\/image-16.png 1600w, https:\/\/sendanoticiosa.com\/wp-content\/uploads\/2024\/01\/image-16-300x200.png 300w, https:\/\/sendanoticiosa.com\/wp-content\/uploads\/2024\/01\/image-16-1024x683.png 1024w, https:\/\/sendanoticiosa.com\/wp-content\/uploads\/2024\/01\/image-16-768x512.png 768w, https:\/\/sendanoticiosa.com\/wp-content\/uploads\/2024\/01\/image-16-1536x1024.png 1536w, https:\/\/sendanoticiosa.com\/wp-content\/uploads\/2024\/01\/image-16-770x513.png 770w, https:\/\/sendanoticiosa.com\/wp-content\/uploads\/2024\/01\/image-16-370x247.png 370w\" sizes=\"(max-width: 1600px) 100vw, 1600px\" \/><\/a>\r\n                            <\/div>\r\n            <div class=\"post-content w-100 text-center\">\r\n                <div class=\"post-meta ul_li_center\">\r\n                    <div class=\"post-meta__author ul_li\">\r\n                        <div class=\"avatar\">\r\n                            <img alt='' src='https:\/\/secure.gravatar.com\/avatar\/ba34ef5c85a7337be858cab52ef8a3ec8e6226b79910ac1660585e274b4a4314?s=22&#038;d=mm&#038;r=g' srcset='https:\/\/secure.gravatar.com\/avatar\/ba34ef5c85a7337be858cab52ef8a3ec8e6226b79910ac1660585e274b4a4314?s=44&#038;d=mm&#038;r=g 2x' class='avatar avatar-22 photo' height='22' width='22' \/>                        <\/div>\r\n                        <span>sendanoticom<\/span>\r\n                    <\/div>\r\n                    <span><i class=\"far fa-calendar-alt\"><\/i>Jan 09, 2024<\/span>\r\n                <\/div>\r\n                <h2 class=\"post-title border-effect fs-30\"><a href=\"https:\/\/sendanoticiosa.com\/index.php\/2024\/01\/09\/sheinbaum-invita-a-ernestina-godoy-a-contender-por-el-senado-tras-no-ser-ratificada-como-fiscal\/\">Sheinbaum invita a Ernestina Godoy a contender por el Senado tras no ser ratificada como fiscal<\/a><\/h2>\r\n                                <div class=\"tags-slide-wrap ul_li_center mt-20\">\r\n                    <span># Tags<\/span>\r\n                    <div class=\"tags-slide owl-carousel\">\r\n                                                <div class=\"item\">\r\n                            <a href=\"https:\/\/sendanoticiosa.com\/index.php\/tag\/claudia-sheinbaum\/\">CLAUDIA SHEINBAUM<\/a>\r\n                        <\/div>\r\n                                                <div class=\"item\">\r\n                            <a href=\"https:\/\/sendanoticiosa.com\/index.php\/tag\/ernestina-godoy\/\">ERNESTINA GODOY<\/a>\r\n                        <\/div>\r\n                                            <\/div>\r\n                <\/div>\r\n                            <\/div>\r\n        <\/div>\r\n    <\/div>\r\n                    <div class=\"col-xl-4 col-lg-6 col-md-6 mt-30\">\r\n        <div class=\"scroll-post h-507 mCustomScrollbar\" data-mcs-theme=\"dark\">\r\n                    <div class=\"politics-post-xs__item tx-post ul_li\">\r\n                <div class=\"post-thumb br-3\">\r\n                    <a href=\"https:\/\/sendanoticiosa.com\/index.php\/2024\/01\/09\/cuba-anuncia-gasolinazo-el-precio-se-quintuplica\/\"><img loading=\"lazy\" decoding=\"async\" width=\"1100\" height=\"666\" src=\"https:\/\/sendanoticiosa.com\/wp-content\/uploads\/2024\/01\/image-17.png\" class=\"attachment-full size-full wp-post-image\" alt=\"\" srcset=\"https:\/\/sendanoticiosa.com\/wp-content\/uploads\/2024\/01\/image-17.png 1100w, https:\/\/sendanoticiosa.com\/wp-content\/uploads\/2024\/01\/image-17-300x182.png 300w, https:\/\/sendanoticiosa.com\/wp-content\/uploads\/2024\/01\/image-17-1024x620.png 1024w, https:\/\/sendanoticiosa.com\/wp-content\/uploads\/2024\/01\/image-17-768x465.png 768w, https:\/\/sendanoticiosa.com\/wp-content\/uploads\/2024\/01\/image-17-770x466.png 770w, https:\/\/sendanoticiosa.com\/wp-content\/uploads\/2024\/01\/image-17-370x224.png 370w\" sizes=\"(max-width: 1100px) 100vw, 1100px\" \/><\/a>\r\n                    <span class=\"post-number\">02<\/span>\r\n                <\/div>\r\n                <div class=\"post-content\">\r\n                            <a class=\"cat\" href=\"https:\/\/sendanoticiosa.com\/index.php\/category\/internacional\/\">\n        \tInternacional        <\/a>\n                        <h2 class=\"post-title border-effect-2 fs-16\"><a href=\"https:\/\/sendanoticiosa.com\/index.php\/2024\/01\/09\/cuba-anuncia-gasolinazo-el-precio-se-quintuplica\/\">Cuba anuncia gasolinazo: el precio se quintuplica<\/a><\/h2>\r\n                    <div class=\"post-meta post-meta--2 ul_li\">\r\n                        <div class=\"post-meta__author ul_li\">\r\n                            <div class=\"avatar\">\r\n                                <img alt='' src='https:\/\/secure.gravatar.com\/avatar\/ba34ef5c85a7337be858cab52ef8a3ec8e6226b79910ac1660585e274b4a4314?s=22&#038;d=mm&#038;r=g' srcset='https:\/\/secure.gravatar.com\/avatar\/ba34ef5c85a7337be858cab52ef8a3ec8e6226b79910ac1660585e274b4a4314?s=44&#038;d=mm&#038;r=g 2x' class='avatar avatar-22 photo' height='22' width='22' \/>                            <\/div>\r\n                            <span>sendanoticom<\/span>\r\n                        <\/div>\r\n                        <span class=\"date\"><i class=\"far fa-calendar-alt\"><\/i>Jan 09, 2024<\/span>\r\n                    <\/div>\r\n                <\/div>\r\n            <\/div>\r\n                                    <div class=\"politics-post-xs__item tx-post ul_li\">\r\n                <div class=\"post-thumb br-3\">\r\n                    <a href=\"https:\/\/sendanoticiosa.com\/index.php\/2024\/01\/09\/tormenta-invernal-en-eu-deja-lluvia-nieve-y-fuertes-vientos-en-varios-estados\/\"><img loading=\"lazy\" decoding=\"async\" width=\"1100\" height=\"666\" src=\"https:\/\/sendanoticiosa.com\/wp-content\/uploads\/2024\/01\/image-18-1.png\" class=\"attachment-full size-full wp-post-image\" alt=\"\" srcset=\"https:\/\/sendanoticiosa.com\/wp-content\/uploads\/2024\/01\/image-18-1.png 1100w, https:\/\/sendanoticiosa.com\/wp-content\/uploads\/2024\/01\/image-18-1-300x182.png 300w, https:\/\/sendanoticiosa.com\/wp-content\/uploads\/2024\/01\/image-18-1-1024x620.png 1024w, https:\/\/sendanoticiosa.com\/wp-content\/uploads\/2024\/01\/image-18-1-768x465.png 768w, https:\/\/sendanoticiosa.com\/wp-content\/uploads\/2024\/01\/image-18-1-770x466.png 770w, https:\/\/sendanoticiosa.com\/wp-content\/uploads\/2024\/01\/image-18-1-370x224.png 370w\" sizes=\"(max-width: 1100px) 100vw, 1100px\" \/><\/a>\r\n                    <span class=\"post-number\">03<\/span>\r\n                <\/div>\r\n                <div class=\"post-content\">\r\n                            <a class=\"cat\" href=\"https:\/\/sendanoticiosa.com\/index.php\/category\/internacional\/\">\n        \tInternacional        <\/a>\n                        <h2 class=\"post-title border-effect-2 fs-16\"><a href=\"https:\/\/sendanoticiosa.com\/index.php\/2024\/01\/09\/tormenta-invernal-en-eu-deja-lluvia-nieve-y-fuertes-vientos-en-varios-estados\/\">Tormenta invernal en EU deja lluvia, nieve y fuertes vientos en varios estados<\/a><\/h2>\r\n                    <div class=\"post-meta post-meta--2 ul_li\">\r\n                        <div class=\"post-meta__author ul_li\">\r\n                            <div class=\"avatar\">\r\n                                <img alt='' src='https:\/\/secure.gravatar.com\/avatar\/ba34ef5c85a7337be858cab52ef8a3ec8e6226b79910ac1660585e274b4a4314?s=22&#038;d=mm&#038;r=g' srcset='https:\/\/secure.gravatar.com\/avatar\/ba34ef5c85a7337be858cab52ef8a3ec8e6226b79910ac1660585e274b4a4314?s=44&#038;d=mm&#038;r=g 2x' class='avatar avatar-22 photo' height='22' width='22' \/>                            <\/div>\r\n                            <span>sendanoticom<\/span>\r\n                        <\/div>\r\n                        <span class=\"date\"><i class=\"far fa-calendar-alt\"><\/i>Jan 09, 2024<\/span>\r\n                    <\/div>\r\n                <\/div>\r\n            <\/div>\r\n                                    <div class=\"politics-post-xs__item tx-post ul_li\">\r\n                <div class=\"post-thumb br-3\">\r\n                    <a href=\"https:\/\/sendanoticiosa.com\/index.php\/2024\/01\/09\/retorno-de-corridas-de-toros-a-ciudad-de-mexico-un-reves-a-animalistas-que-entusiasma-a-aficionados\/\"><img loading=\"lazy\" decoding=\"async\" width=\"1200\" height=\"1096\" src=\"https:\/\/sendanoticiosa.com\/wp-content\/uploads\/2024\/01\/image-19-e1704819832587.png\" class=\"attachment-full size-full wp-post-image\" alt=\"\" srcset=\"https:\/\/sendanoticiosa.com\/wp-content\/uploads\/2024\/01\/image-19-e1704819832587.png 1200w, https:\/\/sendanoticiosa.com\/wp-content\/uploads\/2024\/01\/image-19-e1704819832587-300x274.png 300w, https:\/\/sendanoticiosa.com\/wp-content\/uploads\/2024\/01\/image-19-e1704819832587-1024x935.png 1024w, https:\/\/sendanoticiosa.com\/wp-content\/uploads\/2024\/01\/image-19-e1704819832587-768x701.png 768w, https:\/\/sendanoticiosa.com\/wp-content\/uploads\/2024\/01\/image-19-e1704819832587-770x703.png 770w, https:\/\/sendanoticiosa.com\/wp-content\/uploads\/2024\/01\/image-19-e1704819832587-370x338.png 370w\" sizes=\"(max-width: 1200px) 100vw, 1200px\" \/><\/a>\r\n                    <span class=\"post-number\">04<\/span>\r\n                <\/div>\r\n                <div class=\"post-content\">\r\n                            <a class=\"cat\" href=\"https:\/\/sendanoticiosa.com\/index.php\/category\/nacional\/\">\n        \tNacional        <\/a>\n                        <h2 class=\"post-title border-effect-2 fs-16\"><a href=\"https:\/\/sendanoticiosa.com\/index.php\/2024\/01\/09\/retorno-de-corridas-de-toros-a-ciudad-de-mexico-un-reves-a-animalistas-que-entusiasma-a-aficionados\/\">Retorno de corridas de toros a Ciudad de M\u00e9xico, un rev\u00e9s a animalistas que entusiasma a aficionados<\/a><\/h2>\r\n                    <div class=\"post-meta post-meta--2 ul_li\">\r\n                        <div class=\"post-meta__author ul_li\">\r\n                            <div class=\"avatar\">\r\n                                <img alt='' src='https:\/\/secure.gravatar.com\/avatar\/ba34ef5c85a7337be858cab52ef8a3ec8e6226b79910ac1660585e274b4a4314?s=22&#038;d=mm&#038;r=g' srcset='https:\/\/secure.gravatar.com\/avatar\/ba34ef5c85a7337be858cab52ef8a3ec8e6226b79910ac1660585e274b4a4314?s=44&#038;d=mm&#038;r=g 2x' class='avatar avatar-22 photo' height='22' width='22' \/>                            <\/div>\r\n                            <span>sendanoticom<\/span>\r\n                        <\/div>\r\n                        <span class=\"date\"><i class=\"far fa-calendar-alt\"><\/i>Jan 09, 2024<\/span>\r\n                    <\/div>\r\n                <\/div>\r\n            <\/div>\r\n                    <\/div>\r\n    <\/div>\r\n        <\/div>\r\n    \t\t\t\t<\/div>\n\t\t\t\t<\/div>\n\t\t\t\t\t<\/div>\n\t\t<\/div>\n\t\t\t\t<div class=\"elementor-column elementor-col-33 elementor-top-column elementor-element elementor-element-1610f88b\" data-id=\"1610f88b\" data-element_type=\"column\" data-e-type=\"column\">\n\t\t\t<div class=\"elementor-widget-wrap elementor-element-populated\">\n\t\t\t\t\t\t<div class=\"elementor-element elementor-element-6c2b9c21 elementor-widget elementor-widget-mgz-post-tabs-list-v2\" data-id=\"6c2b9c21\" data-element_type=\"widget\" data-e-type=\"widget\" data-widget_type=\"mgz-post-tabs-list-v2.default\">\n\t\t\t\t<div class=\"elementor-widget-container\">\n\t\t\t\t\t<ul class=\"tab-post__nav nav nav-tabs\" id=\"txxTabFive\" role=\"tablist\">\r\n            <li class=\"nav-item\" role=\"presentation\">\r\n            <button class=\"nav-link active\" id=\"txxTabFive-0f84a22a\" data-bs-toggle=\"tab\" data-bs-target=\"#txxTabFive-f84a22a\" type=\"button\" role=\"tab\" aria-controls=\"txxTabFive-f84a22a\" aria-selected=\"true\">Ultimas Noticias<\/button>\r\n        <\/li>\r\n    <\/ul>\r\n<div class=\"tx-post__content tab-content mt-30\" id=\"txTabContentFive\">\r\n        <div class=\"tab-pane animated fadeInUp show active\" id=\"txxTabFive-f84a22a\" role=\"tabpanel\" aria-labelledby=\"txxTabFive-0f84a22a\">\r\n                <div class=\"politics-post-xs__item tx-post ul_li\">\r\n            <div class=\"post-thumb br-3\">\r\n                <a href=\"https:\/\/sendanoticiosa.com\/index.php\/2024\/01\/09\/melodrama-clasico-sigue-vigente-en-la-television-4-telenovelas-llegan-al-aire-al-inicio-de-2024\/\"><img loading=\"lazy\" decoding=\"async\" width=\"640\" height=\"399\" src=\"https:\/\/sendanoticiosa.com\/wp-content\/uploads\/2024\/01\/image-28.png\" class=\"attachment-large size-large wp-post-image\" alt=\"\" srcset=\"https:\/\/sendanoticiosa.com\/wp-content\/uploads\/2024\/01\/image-28.png 768w, https:\/\/sendanoticiosa.com\/wp-content\/uploads\/2024\/01\/image-28-300x187.png 300w, https:\/\/sendanoticiosa.com\/wp-content\/uploads\/2024\/01\/image-28-370x231.png 370w\" sizes=\"(max-width: 640px) 100vw, 640px\" \/><\/a>\r\n                <span class=\"post-number\">01<\/span>\r\n            <\/div>\r\n            <div class=\"post-content\">\r\n                        <a class=\"cat\" href=\"https:\/\/sendanoticiosa.com\/index.php\/category\/espectaculos\/\">\n        \tEspect\u00e1culos        <\/a>\n                    <h2 class=\"post-title border-effect-2 fs-16\"><a href=\"https:\/\/sendanoticiosa.com\/index.php\/2024\/01\/09\/melodrama-clasico-sigue-vigente-en-la-television-4-telenovelas-llegan-al-aire-al-inicio-de-2024\/\">Melodrama cl\u00e1sico sigue vigente en la televisi\u00f3n: 4 telenovelas llegan al aire al inicio de 2024<\/a><\/h2>\r\n                <div class=\"post-meta post-meta--2 ul_li\">\r\n                    <div class=\"post-meta__author ul_li\">\r\n                        <div class=\"avatar\">\r\n                            <img alt='' src='https:\/\/secure.gravatar.com\/avatar\/ba34ef5c85a7337be858cab52ef8a3ec8e6226b79910ac1660585e274b4a4314?s=20&#038;d=mm&#038;r=g' srcset='https:\/\/secure.gravatar.com\/avatar\/ba34ef5c85a7337be858cab52ef8a3ec8e6226b79910ac1660585e274b4a4314?s=40&#038;d=mm&#038;r=g 2x' class='avatar avatar-20 photo' height='20' width='20' \/>                        <\/div>\r\n                        <span>sendanoticom<\/span>\r\n                    <\/div>\r\n                    <span class=\"date\"><i class=\"far fa-calendar-alt\"><\/i>Jan 09, 2024<\/span>\r\n                <\/div>\r\n            <\/div>\r\n        <\/div>\r\n                <div class=\"politics-post-xs__item tx-post ul_li\">\r\n            <div class=\"post-thumb br-3\">\r\n                <a href=\"https:\/\/sendanoticiosa.com\/index.php\/2024\/01\/09\/marvel-se-abre-a-una-heroina-diferente-alaqua-cox-actriz-sordomuda-protagoniza-la-serie-echo\/\"><img loading=\"lazy\" decoding=\"async\" width=\"640\" height=\"399\" src=\"https:\/\/sendanoticiosa.com\/wp-content\/uploads\/2024\/01\/image-29.png\" class=\"attachment-large size-large wp-post-image\" alt=\"\" srcset=\"https:\/\/sendanoticiosa.com\/wp-content\/uploads\/2024\/01\/image-29.png 768w, https:\/\/sendanoticiosa.com\/wp-content\/uploads\/2024\/01\/image-29-300x187.png 300w, https:\/\/sendanoticiosa.com\/wp-content\/uploads\/2024\/01\/image-29-370x231.png 370w\" sizes=\"(max-width: 640px) 100vw, 640px\" \/><\/a>\r\n                <span class=\"post-number\">02<\/span>\r\n            <\/div>\r\n            <div class=\"post-content\">\r\n                        <a class=\"cat\" href=\"https:\/\/sendanoticiosa.com\/index.php\/category\/espectaculos\/\">\n        \tEspect\u00e1culos        <\/a>\n                    <h2 class=\"post-title border-effect-2 fs-16\"><a href=\"https:\/\/sendanoticiosa.com\/index.php\/2024\/01\/09\/marvel-se-abre-a-una-heroina-diferente-alaqua-cox-actriz-sordomuda-protagoniza-la-serie-echo\/\">Marvel se abre a una hero\u00edna diferente: Alaqua Cox, actriz sordomuda, protagoniza la serie Echo<\/a><\/h2>\r\n                <div class=\"post-meta post-meta--2 ul_li\">\r\n                    <div class=\"post-meta__author ul_li\">\r\n                        <div class=\"avatar\">\r\n                            <img alt='' src='https:\/\/secure.gravatar.com\/avatar\/ba34ef5c85a7337be858cab52ef8a3ec8e6226b79910ac1660585e274b4a4314?s=20&#038;d=mm&#038;r=g' srcset='https:\/\/secure.gravatar.com\/avatar\/ba34ef5c85a7337be858cab52ef8a3ec8e6226b79910ac1660585e274b4a4314?s=40&#038;d=mm&#038;r=g 2x' class='avatar avatar-20 photo' height='20' width='20' \/>                        <\/div>\r\n                        <span>sendanoticom<\/span>\r\n                    <\/div>\r\n                    <span class=\"date\"><i class=\"far fa-calendar-alt\"><\/i>Jan 09, 2024<\/span>\r\n                <\/div>\r\n            <\/div>\r\n        <\/div>\r\n                <div class=\"politics-post-xs__item tx-post ul_li\">\r\n            <div class=\"post-thumb br-3\">\r\n                <a href=\"https:\/\/sendanoticiosa.com\/index.php\/2024\/01\/09\/arrestan-a-un-hombre-en-miami-beach-acusado-de-acosar-a-shakira\/\"><img loading=\"lazy\" decoding=\"async\" width=\"640\" height=\"426\" src=\"https:\/\/sendanoticiosa.com\/wp-content\/uploads\/2024\/01\/image-30.png\" class=\"attachment-large size-large wp-post-image\" alt=\"\" srcset=\"https:\/\/sendanoticiosa.com\/wp-content\/uploads\/2024\/01\/image-30.png 770w, https:\/\/sendanoticiosa.com\/wp-content\/uploads\/2024\/01\/image-30-300x200.png 300w, https:\/\/sendanoticiosa.com\/wp-content\/uploads\/2024\/01\/image-30-768x512.png 768w, https:\/\/sendanoticiosa.com\/wp-content\/uploads\/2024\/01\/image-30-370x247.png 370w\" sizes=\"(max-width: 640px) 100vw, 640px\" \/><\/a>\r\n                <span class=\"post-number\">03<\/span>\r\n            <\/div>\r\n            <div class=\"post-content\">\r\n                        <a class=\"cat\" href=\"https:\/\/sendanoticiosa.com\/index.php\/category\/espectaculos\/\">\n        \tEspect\u00e1culos        <\/a>\n                    <h2 class=\"post-title border-effect-2 fs-16\"><a href=\"https:\/\/sendanoticiosa.com\/index.php\/2024\/01\/09\/arrestan-a-un-hombre-en-miami-beach-acusado-de-acosar-a-shakira\/\">Arrestan a un hombre en Miami Beach acusado de acosar a Shakira<\/a><\/h2>\r\n                <div class=\"post-meta post-meta--2 ul_li\">\r\n                    <div class=\"post-meta__author ul_li\">\r\n                        <div class=\"avatar\">\r\n                            <img alt='' src='https:\/\/secure.gravatar.com\/avatar\/ba34ef5c85a7337be858cab52ef8a3ec8e6226b79910ac1660585e274b4a4314?s=20&#038;d=mm&#038;r=g' srcset='https:\/\/secure.gravatar.com\/avatar\/ba34ef5c85a7337be858cab52ef8a3ec8e6226b79910ac1660585e274b4a4314?s=40&#038;d=mm&#038;r=g 2x' class='avatar avatar-20 photo' height='20' width='20' \/>                        <\/div>\r\n                        <span>sendanoticom<\/span>\r\n                    <\/div>\r\n                    <span class=\"date\"><i class=\"far fa-calendar-alt\"><\/i>Jan 09, 2024<\/span>\r\n                <\/div>\r\n            <\/div>\r\n        <\/div>\r\n            <\/div>\r\n    <\/div>\t\t\t\t<\/div>\n\t\t\t\t<\/div>\n\t\t\t\t\t<\/div>\n\t\t<\/div>\n\t\t\t\t\t<\/div>\n\t\t<\/section>\n\t\t<div class=\"elementor-element elementor-element-f952591 e-flex e-con-boxed e-con e-parent\" data-id=\"f952591\" data-element_type=\"container\" data-e-type=\"container\">\n\t\t\t\t\t<div class=\"e-con-inner\">\n\t\t\t\t<div class=\"elementor-element elementor-element-7c3c3fb elementor-widget elementor-widget-image\" data-id=\"7c3c3fb\" data-element_type=\"widget\" data-e-type=\"widget\" data-widget_type=\"image.default\">\n\t\t\t\t<div class=\"elementor-widget-container\">\n\t\t\t\t\t\t\t\t\t\t\t\t\t\t\t<img loading=\"lazy\" decoding=\"async\" width=\"1800\" height=\"790\" src=\"https:\/\/sendanoticiosa.com\/wp-content\/uploads\/2024\/02\/Banner-FB-copia.jpg\" class=\"attachment-full size-full wp-image-7214\" alt=\"\" srcset=\"https:\/\/sendanoticiosa.com\/wp-content\/uploads\/2024\/02\/Banner-FB-copia.jpg 1800w, https:\/\/sendanoticiosa.com\/wp-content\/uploads\/2024\/02\/Banner-FB-copia-300x132.jpg 300w, https:\/\/sendanoticiosa.com\/wp-content\/uploads\/2024\/02\/Banner-FB-copia-1024x449.jpg 1024w, https:\/\/sendanoticiosa.com\/wp-content\/uploads\/2024\/02\/Banner-FB-copia-768x337.jpg 768w, https:\/\/sendanoticiosa.com\/wp-content\/uploads\/2024\/02\/Banner-FB-copia-1536x674.jpg 1536w, https:\/\/sendanoticiosa.com\/wp-content\/uploads\/2024\/02\/Banner-FB-copia-770x338.jpg 770w, https:\/\/sendanoticiosa.com\/wp-content\/uploads\/2024\/02\/Banner-FB-copia-370x162.jpg 370w\" sizes=\"(max-width: 1800px) 100vw, 1800px\" \/>\t\t\t\t\t\t\t\t\t\t\t\t\t\t\t<\/div>\n\t\t\t\t<\/div>\n\t\t\t\t\t<\/div>\n\t\t\t\t<\/div>\n\t\t\t\t<section class=\"elementor-section elementor-top-section elementor-element elementor-element-30005f24 elementor-section-boxed elementor-section-height-default elementor-section-height-default\" data-id=\"30005f24\" data-element_type=\"section\" data-e-type=\"section\">\n\t\t\t\t\t\t<div class=\"elementor-container elementor-column-gap-default\">\n\t\t\t\t\t<div class=\"elementor-column elementor-col-100 elementor-top-column elementor-element elementor-element-c5e97a5\" data-id=\"c5e97a5\" data-element_type=\"column\" data-e-type=\"column\">\n\t\t\t<div class=\"elementor-widget-wrap elementor-element-populated\">\n\t\t\t\t\t\t<section class=\"elementor-section elementor-inner-section elementor-element elementor-element-f521ff elementor-section-full_width elementor-section-height-default elementor-section-height-default\" data-id=\"f521ff\" data-element_type=\"section\" data-e-type=\"section\">\n\t\t\t\t\t\t<div class=\"elementor-container elementor-column-gap-default\">\n\t\t\t\t\t<div class=\"elementor-column elementor-col-50 elementor-inner-column elementor-element elementor-element-54709640\" data-id=\"54709640\" data-element_type=\"column\" data-e-type=\"column\">\n\t\t\t<div class=\"elementor-widget-wrap elementor-element-populated\">\n\t\t\t\t\t\t<div class=\"elementor-element elementor-element-5da2356b elementor-widget elementor-widget-magezix-post-list\" data-id=\"5da2356b\" data-element_type=\"widget\" data-e-type=\"widget\" data-widget_type=\"magezix-post-list.default\">\n\t\t\t\t<div class=\"elementor-widget-container\">\n\t\t\t\t\t\r\n\t\t<div class=\"most-popular-post mt-30\">\r\n            <h2 class=\"tx-section-heading style-2 mb-30\">\r\n            <span>Deportes<\/span>\r\n        <\/h2>\r\n        <div class=\"most-popular-post__wrap\">\r\n                <div class=\"sports-post__item sports-post__item--2 tx-post ul_li\">\r\n            <div class=\"post-thumb br-3\">\r\n                <a href=\"https:\/\/sendanoticiosa.com\/index.php\/2026\/09\/05\/cruz-azul-pierde-poder-ofensivo-operan-a-delantero-y-sufre-baja-para-juego-contra-santos-en-liga-mx\/\"><img fetchpriority=\"high\" decoding=\"async\" width=\"1200\" height=\"675\" src=\"https:\/\/sendanoticiosa.com\/wp-content\/uploads\/2026\/09\/TY1gcYwkddmCOp.jpeg\" class=\"attachment-full size-full wp-post-image\" alt=\"Cruz Azul pierde poder ofensivo: operan a delantero y sufre baja para juego contra Santos en Liga MX\" srcset=\"https:\/\/sendanoticiosa.com\/wp-content\/uploads\/2026\/09\/TY1gcYwkddmCOp.jpeg 1200w, https:\/\/sendanoticiosa.com\/wp-content\/uploads\/2026\/09\/TY1gcYwkddmCOp-300x169.jpeg 300w, https:\/\/sendanoticiosa.com\/wp-content\/uploads\/2026\/09\/TY1gcYwkddmCOp-1024x576.jpeg 1024w, https:\/\/sendanoticiosa.com\/wp-content\/uploads\/2026\/09\/TY1gcYwkddmCOp-768x432.jpeg 768w, https:\/\/sendanoticiosa.com\/wp-content\/uploads\/2026\/09\/TY1gcYwkddmCOp-1170x658.jpeg 1170w, https:\/\/sendanoticiosa.com\/wp-content\/uploads\/2026\/09\/TY1gcYwkddmCOp-770x433.jpeg 770w, https:\/\/sendanoticiosa.com\/wp-content\/uploads\/2026\/09\/TY1gcYwkddmCOp-370x208.jpeg 370w, https:\/\/sendanoticiosa.com\/wp-content\/uploads\/2026\/09\/TY1gcYwkddmCOp-270x152.jpeg 270w\" sizes=\"(max-width: 1200px) 100vw, 1200px\" \/><\/a>\r\n                        <a class=\"post-cat post-cat--sm cat-style-7 mb-10\" style=\"background-color:#821b80\" href=\"https:\/\/sendanoticiosa.com\/index.php\/category\/deportes\/\">\n        \tDeportes        <\/a>\n                <\/div>\r\n            <div class=\"post-content\">\r\n                <h2 class=\"post-title border-effect\"><a href=\"https:\/\/sendanoticiosa.com\/index.php\/2026\/09\/05\/cruz-azul-pierde-poder-ofensivo-operan-a-delantero-y-sufre-baja-para-juego-contra-santos-en-liga-mx\/\">Cruz Azul pierde poder ofensivo: operan a delantero<\/a><\/h2>\r\n                El joven delantero de La M\u00e1quina, Mateo Levy, estar\u00e1 fuera indefinidamente. Mostrar comentarios 0 Como si no tuvieran ya suficientes problemas entre el drama de la salida-no salida de Erik                <ul class=\"post-meta post-meta--4 style-2 ul_li\">\r\n                    <li>\r\n                        <div class=\"post-meta__author ul_li\">\r\n                            <div class=\"avatar\">\r\n                                <img alt='' src='https:\/\/secure.gravatar.com\/avatar\/?s=22&#038;d=mm&#038;r=g' srcset='https:\/\/secure.gravatar.com\/avatar\/?s=44&#038;d=mm&#038;r=g 2x' class='avatar avatar-22 photo avatar-default' height='22' width='22' \/>                            <\/div>\r\n                            <span> \/ 1 hour<\/span>\r\n                        <\/div>\r\n                    <\/li>\r\n                    <li class=\"magezix-comment\"><i class=\"far fa-comments-alt\"><\/i>Comment (0)<\/li>\r\n                    <li><i class=\"far fa-share-all\"><\/i> (1)<\/li>\r\n                <\/ul>\r\n            <\/div>\r\n        <\/div>\r\n                <div class=\"sports-post__item sports-post__item--2 tx-post ul_li\">\r\n            <div class=\"post-thumb br-3\">\r\n                <a href=\"https:\/\/sendanoticiosa.com\/index.php\/2026\/09\/05\/america-esta-condicionando-el-arbitraje-critican-actitud-de-guillermo-almada-tras-eliminacion-de-leagues-cup\/\"><img decoding=\"async\" width=\"1200\" height=\"675\" src=\"https:\/\/sendanoticiosa.com\/wp-content\/uploads\/2026\/09\/6a9a577a538d9.jpeg\" class=\"attachment-full size-full wp-post-image\" alt=\"&quot;Am\u00e9rica est\u00e1 condicionando el arbitraje&quot;: Critican actitud de Guillermo Almada tras eliminaci\u00f3n de Leagues Cup\" srcset=\"https:\/\/sendanoticiosa.com\/wp-content\/uploads\/2026\/09\/6a9a577a538d9.jpeg 1200w, https:\/\/sendanoticiosa.com\/wp-content\/uploads\/2026\/09\/6a9a577a538d9-300x169.jpeg 300w, https:\/\/sendanoticiosa.com\/wp-content\/uploads\/2026\/09\/6a9a577a538d9-1024x576.jpeg 1024w, https:\/\/sendanoticiosa.com\/wp-content\/uploads\/2026\/09\/6a9a577a538d9-768x432.jpeg 768w, https:\/\/sendanoticiosa.com\/wp-content\/uploads\/2026\/09\/6a9a577a538d9-1170x658.jpeg 1170w, https:\/\/sendanoticiosa.com\/wp-content\/uploads\/2026\/09\/6a9a577a538d9-770x433.jpeg 770w, https:\/\/sendanoticiosa.com\/wp-content\/uploads\/2026\/09\/6a9a577a538d9-370x208.jpeg 370w, https:\/\/sendanoticiosa.com\/wp-content\/uploads\/2026\/09\/6a9a577a538d9-270x152.jpeg 270w\" sizes=\"(max-width: 1200px) 100vw, 1200px\" \/><\/a>\r\n                        <a class=\"post-cat post-cat--sm cat-style-7 mb-10\" style=\"background-color:#821b80\" href=\"https:\/\/sendanoticiosa.com\/index.php\/category\/deportes\/\">\n        \tDeportes        <\/a>\n                <\/div>\r\n            <div class=\"post-content\">\r\n                <h2 class=\"post-title border-effect\"><a href=\"https:\/\/sendanoticiosa.com\/index.php\/2026\/09\/05\/america-esta-condicionando-el-arbitraje-critican-actitud-de-guillermo-almada-tras-eliminacion-de-leagues-cup\/\">&#8220;Am\u00e9rica est\u00e1 condicionando el arbitraje&#8221;: Critican actitud de<\/a><\/h2>\r\n                Mostrar comentarios 0 Los &#8216;berrinches&#8217; contra el arbitraje son propios del los equipos chicos que no tienen la capacidad de ganar los partidos mediante el talento de sus jugadores en                <ul class=\"post-meta post-meta--4 style-2 ul_li\">\r\n                    <li>\r\n                        <div class=\"post-meta__author ul_li\">\r\n                            <div class=\"avatar\">\r\n                                <img alt='' src='https:\/\/secure.gravatar.com\/avatar\/?s=22&#038;d=mm&#038;r=g' srcset='https:\/\/secure.gravatar.com\/avatar\/?s=44&#038;d=mm&#038;r=g 2x' class='avatar avatar-22 photo avatar-default' height='22' width='22' \/>                            <\/div>\r\n                            <span> \/ 1 hour<\/span>\r\n                        <\/div>\r\n                    <\/li>\r\n                    <li class=\"magezix-comment\"><i class=\"far fa-comments-alt\"><\/i>Comment (0)<\/li>\r\n                    <li><i class=\"far fa-share-all\"><\/i> (1)<\/li>\r\n                <\/ul>\r\n            <\/div>\r\n        <\/div>\r\n                <div class=\"sports-post__item sports-post__item--2 tx-post ul_li\">\r\n            <div class=\"post-thumb br-3\">\r\n                <a href=\"https:\/\/sendanoticiosa.com\/index.php\/2026\/09\/04\/henry-lanza-una-advertencia-al-liverpool-barcola-no-es-un-delantero-cualquiera\/\"><img decoding=\"async\" width=\"1700\" height=\"1000\" src=\"https:\/\/sendanoticiosa.com\/wp-content\/uploads\/2026\/09\/2025031215333067382.jpg\" class=\"attachment-full size-full wp-post-image\" alt=\"\" srcset=\"https:\/\/sendanoticiosa.com\/wp-content\/uploads\/2026\/09\/2025031215333067382.jpg 1700w, https:\/\/sendanoticiosa.com\/wp-content\/uploads\/2026\/09\/2025031215333067382-300x176.jpg 300w, https:\/\/sendanoticiosa.com\/wp-content\/uploads\/2026\/09\/2025031215333067382-1024x602.jpg 1024w, https:\/\/sendanoticiosa.com\/wp-content\/uploads\/2026\/09\/2025031215333067382-768x452.jpg 768w, https:\/\/sendanoticiosa.com\/wp-content\/uploads\/2026\/09\/2025031215333067382-1536x904.jpg 1536w, https:\/\/sendanoticiosa.com\/wp-content\/uploads\/2026\/09\/2025031215333067382-770x453.jpg 770w, https:\/\/sendanoticiosa.com\/wp-content\/uploads\/2026\/09\/2025031215333067382-370x218.jpg 370w\" sizes=\"(max-width: 1700px) 100vw, 1700px\" \/><\/a>\r\n                        <a class=\"post-cat post-cat--sm cat-style-7 mb-10\" style=\"background-color:#821b80\" href=\"https:\/\/sendanoticiosa.com\/index.php\/category\/deportes\/\">\n        \tDeportes        <\/a>\n                <\/div>\r\n            <div class=\"post-content\">\r\n                <h2 class=\"post-title border-effect\"><a href=\"https:\/\/sendanoticiosa.com\/index.php\/2026\/09\/04\/henry-lanza-una-advertencia-al-liverpool-barcola-no-es-un-delantero-cualquiera\/\">Henry lanza una advertencia al Liverpool: Barcola no<\/a><\/h2>\r\n                El fichaje de Bradley Barcola por el Liverpool no deber\u00eda medirse \u00fanicamente por los 145 millones de euros que figuran en la operaci\u00f3n, sino por la pregunta que plantea Thierry                <ul class=\"post-meta post-meta--4 style-2 ul_li\">\r\n                    <li>\r\n                        <div class=\"post-meta__author ul_li\">\r\n                            <div class=\"avatar\">\r\n                                <img alt='' src='https:\/\/secure.gravatar.com\/avatar\/ba34ef5c85a7337be858cab52ef8a3ec8e6226b79910ac1660585e274b4a4314?s=22&#038;d=mm&#038;r=g' srcset='https:\/\/secure.gravatar.com\/avatar\/ba34ef5c85a7337be858cab52ef8a3ec8e6226b79910ac1660585e274b4a4314?s=44&#038;d=mm&#038;r=g 2x' class='avatar avatar-22 photo' height='22' width='22' \/>                            <\/div>\r\n                            <span>sendanoticom \/ 12 hours<\/span>\r\n                        <\/div>\r\n                    <\/li>\r\n                    <li class=\"magezix-comment\"><i class=\"far fa-comments-alt\"><\/i>Comment (0)<\/li>\r\n                    <li><i class=\"far fa-share-all\"><\/i> (17)<\/li>\r\n                <\/ul>\r\n            <\/div>\r\n        <\/div>\r\n                <div class=\"sports-post__item sports-post__item--2 tx-post ul_li\">\r\n            <div class=\"post-thumb br-3\">\r\n                <a href=\"https:\/\/sendanoticiosa.com\/index.php\/2026\/09\/04\/cuando-juegan-monterrey-vs-toluca-la-final-de-la-leagues-cup-2026-fecha-y-transmision\/\"><img loading=\"lazy\" decoding=\"async\" width=\"1200\" height=\"675\" src=\"https:\/\/sendanoticiosa.com\/wp-content\/uploads\/2026\/09\/6a990a1059c2a.jpeg\" class=\"attachment-full size-full wp-post-image\" alt=\"\u00bfCu\u00e1ndo juegan Monterrey vs Toluca la Final de la Leagues Cup 2026? Fecha y transmisi\u00f3n\" srcset=\"https:\/\/sendanoticiosa.com\/wp-content\/uploads\/2026\/09\/6a990a1059c2a.jpeg 1200w, https:\/\/sendanoticiosa.com\/wp-content\/uploads\/2026\/09\/6a990a1059c2a-300x169.jpeg 300w, https:\/\/sendanoticiosa.com\/wp-content\/uploads\/2026\/09\/6a990a1059c2a-1024x576.jpeg 1024w, https:\/\/sendanoticiosa.com\/wp-content\/uploads\/2026\/09\/6a990a1059c2a-768x432.jpeg 768w, https:\/\/sendanoticiosa.com\/wp-content\/uploads\/2026\/09\/6a990a1059c2a-1170x658.jpeg 1170w, https:\/\/sendanoticiosa.com\/wp-content\/uploads\/2026\/09\/6a990a1059c2a-770x433.jpeg 770w, https:\/\/sendanoticiosa.com\/wp-content\/uploads\/2026\/09\/6a990a1059c2a-370x208.jpeg 370w, https:\/\/sendanoticiosa.com\/wp-content\/uploads\/2026\/09\/6a990a1059c2a-270x152.jpeg 270w\" sizes=\"(max-width: 1200px) 100vw, 1200px\" \/><\/a>\r\n                        <a class=\"post-cat post-cat--sm cat-style-7 mb-10\" style=\"background-color:#821b80\" href=\"https:\/\/sendanoticiosa.com\/index.php\/category\/deportes\/\">\n        \tDeportes        <\/a>\n                <\/div>\r\n            <div class=\"post-content\">\r\n                <h2 class=\"post-title border-effect\"><a href=\"https:\/\/sendanoticiosa.com\/index.php\/2026\/09\/04\/cuando-juegan-monterrey-vs-toluca-la-final-de-la-leagues-cup-2026-fecha-y-transmision\/\">\u00bfCu\u00e1ndo juegan Monterrey vs Toluca la Final de<\/a><\/h2>\r\n                Mostrar comentarios 0 \u00bfC\u00f3mo llegan Toluca y Monterrey a la Final de Leagues Cup 2026? La actividad de Semifinales comenz\u00f3 con una victoria del Deportivo Toluca contra Le\u00f3n por marcador                <ul class=\"post-meta post-meta--4 style-2 ul_li\">\r\n                    <li>\r\n                        <div class=\"post-meta__author ul_li\">\r\n                            <div class=\"avatar\">\r\n                                <img alt='' src='https:\/\/secure.gravatar.com\/avatar\/?s=22&#038;d=mm&#038;r=g' srcset='https:\/\/secure.gravatar.com\/avatar\/?s=44&#038;d=mm&#038;r=g 2x' class='avatar avatar-22 photo avatar-default' height='22' width='22' \/>                            <\/div>\r\n                            <span> \/ 1 day<\/span>\r\n                        <\/div>\r\n                    <\/li>\r\n                    <li class=\"magezix-comment\"><i class=\"far fa-comments-alt\"><\/i>Comment (0)<\/li>\r\n                    <li><i class=\"far fa-share-all\"><\/i> (7)<\/li>\r\n                <\/ul>\r\n            <\/div>\r\n        <\/div>\r\n            <\/div>\r\n<\/div>        \r\n\t\t\r\n    \t\t\t\t<\/div>\n\t\t\t\t<\/div>\n\t\t\t\t\t<\/div>\n\t\t<\/div>\n\t\t\t\t<div class=\"elementor-column elementor-col-50 elementor-inner-column elementor-element elementor-element-66542850\" data-id=\"66542850\" data-element_type=\"column\" data-e-type=\"column\">\n\t\t\t<div class=\"elementor-widget-wrap elementor-element-populated\">\n\t\t\t\t\t\t<div class=\"elementor-element elementor-element-52283364 elementor-widget elementor-widget-magezix-post-list\" data-id=\"52283364\" data-element_type=\"widget\" data-e-type=\"widget\" data-widget_type=\"magezix-post-list.default\">\n\t\t\t\t<div class=\"elementor-widget-container\">\n\t\t\t\t\t\r\n\t\t<div class=\"tx-post__category mr-none-10\">\r\n                        <h2 class=\"tx-section-heading\">\r\n                <span>Espectaculos<\/span>\r\n            <\/h2>\r\n                                    <div class=\"tx-post__category-item tx-post ul_li mt-40\">\r\n                <div class=\"post-thumb\">\r\n                    <a href=\"https:\/\/sendanoticiosa.com\/index.php\/2026\/08\/29\/de-que-murio-samuel-monroe-jr-querido-actor-de-the-players-club\/\"><img loading=\"lazy\" decoding=\"async\" width=\"958\" height=\"596\" src=\"https:\/\/sendanoticiosa.com\/wp-content\/uploads\/2026\/08\/muere-querido-actor-infeccion-pulmonar.jpg\" class=\"attachment-full size-full wp-post-image\" alt=\"\" srcset=\"https:\/\/sendanoticiosa.com\/wp-content\/uploads\/2026\/08\/muere-querido-actor-infeccion-pulmonar.jpg 958w, https:\/\/sendanoticiosa.com\/wp-content\/uploads\/2026\/08\/muere-querido-actor-infeccion-pulmonar-300x187.jpg 300w, https:\/\/sendanoticiosa.com\/wp-content\/uploads\/2026\/08\/muere-querido-actor-infeccion-pulmonar-768x478.jpg 768w, https:\/\/sendanoticiosa.com\/wp-content\/uploads\/2026\/08\/muere-querido-actor-infeccion-pulmonar-770x479.jpg 770w, https:\/\/sendanoticiosa.com\/wp-content\/uploads\/2026\/08\/muere-querido-actor-infeccion-pulmonar-370x230.jpg 370w\" sizes=\"(max-width: 958px) 100vw, 958px\" \/><\/a>\r\n                            <a class=\"post-cat post-cat--sm cat-style-7 mb-10\" style=\"background-color:#821b80\" href=\"https:\/\/sendanoticiosa.com\/index.php\/category\/espectaculos\/\">\n        \tEspect\u00e1culos        <\/a>\n                    <\/div>\r\n                <div class=\"post-content\">\r\n                    <span class=\"post-date\"><i class=\"far fa-calendar-alt\"><\/i>Aug 29, 2026<\/span>\r\n                    <h3 class=\"post-title border-effect-2\"><a href=\"https:\/\/sendanoticiosa.com\/index.php\/2026\/08\/29\/de-que-murio-samuel-monroe-jr-querido-actor-de-the-players-club\/\">\u00bfDe qu\u00e9 muri\u00f3 Samuel Monroe Jr, querido actor<\/a><\/h3>\r\n                    <div class=\"post-meta post-meta--2 ul_li mt-6\">\r\n                        <div class=\"post-meta__author ul_li\">\r\n                            <div class=\"avatar\">\r\n                                <img alt='' src='https:\/\/secure.gravatar.com\/avatar\/ba34ef5c85a7337be858cab52ef8a3ec8e6226b79910ac1660585e274b4a4314?s=22&#038;d=mm&#038;r=g' srcset='https:\/\/secure.gravatar.com\/avatar\/ba34ef5c85a7337be858cab52ef8a3ec8e6226b79910ac1660585e274b4a4314?s=44&#038;d=mm&#038;r=g 2x' class='avatar avatar-22 photo' height='22' width='22' \/>                            <\/div>\r\n                            <span>sendanoticom<\/span>\r\n                        <\/div>\r\n                        <span class=\"read-time\"><i class=\"far fa-clock\"><\/i>3 min read<\/span>\r\n                    <\/div>\r\n                <\/div>\r\n            <\/div>\r\n                        <div class=\"tx-post__category-item tx-post ul_li mt-40\">\r\n                <div class=\"post-thumb\">\r\n                    <a href=\"https:\/\/sendanoticiosa.com\/index.php\/2026\/08\/22\/javier-rodriguez-el-ilustrador-espanol-con-mas-premios-eisner-en-un-ano-tres-en-2026\/\"><img loading=\"lazy\" decoding=\"async\" width=\"696\" height=\"1072\" src=\"https:\/\/sendanoticiosa.com\/wp-content\/uploads\/2026\/08\/rss-efe9c426faab9097f2ae68ac82960b3f3b5c690fc12w-696x1072-1.jpg\" class=\"attachment-full size-full wp-post-image\" alt=\"\" srcset=\"https:\/\/sendanoticiosa.com\/wp-content\/uploads\/2026\/08\/rss-efe9c426faab9097f2ae68ac82960b3f3b5c690fc12w-696x1072-1.jpg 696w, https:\/\/sendanoticiosa.com\/wp-content\/uploads\/2026\/08\/rss-efe9c426faab9097f2ae68ac82960b3f3b5c690fc12w-696x1072-1-195x300.jpg 195w, https:\/\/sendanoticiosa.com\/wp-content\/uploads\/2026\/08\/rss-efe9c426faab9097f2ae68ac82960b3f3b5c690fc12w-696x1072-1-665x1024.jpg 665w, https:\/\/sendanoticiosa.com\/wp-content\/uploads\/2026\/08\/rss-efe9c426faab9097f2ae68ac82960b3f3b5c690fc12w-696x1072-1-370x570.jpg 370w\" sizes=\"(max-width: 696px) 100vw, 696px\" \/><\/a>\r\n                            <a class=\"post-cat post-cat--sm cat-style-7 mb-10\" style=\"background-color:#821b80\" href=\"https:\/\/sendanoticiosa.com\/index.php\/category\/espectaculos\/\">\n        \tEspect\u00e1culos        <\/a>\n                    <\/div>\r\n                <div class=\"post-content\">\r\n                    <span class=\"post-date\"><i class=\"far fa-calendar-alt\"><\/i>Aug 22, 2026<\/span>\r\n                    <h3 class=\"post-title border-effect-2\"><a href=\"https:\/\/sendanoticiosa.com\/index.php\/2026\/08\/22\/javier-rodriguez-el-ilustrador-espanol-con-mas-premios-eisner-en-un-ano-tres-en-2026\/\">Javier Rodr\u00edguez, el ilustrador espa\u00f1ol con m\u00e1s premios<\/a><\/h3>\r\n                    <div class=\"post-meta post-meta--2 ul_li mt-6\">\r\n                        <div class=\"post-meta__author ul_li\">\r\n                            <div class=\"avatar\">\r\n                                <img alt='' src='https:\/\/secure.gravatar.com\/avatar\/ba34ef5c85a7337be858cab52ef8a3ec8e6226b79910ac1660585e274b4a4314?s=22&#038;d=mm&#038;r=g' srcset='https:\/\/secure.gravatar.com\/avatar\/ba34ef5c85a7337be858cab52ef8a3ec8e6226b79910ac1660585e274b4a4314?s=44&#038;d=mm&#038;r=g 2x' class='avatar avatar-22 photo' height='22' width='22' \/>                            <\/div>\r\n                            <span>sendanoticom<\/span>\r\n                        <\/div>\r\n                        <span class=\"read-time\"><i class=\"far fa-clock\"><\/i>5 min read<\/span>\r\n                    <\/div>\r\n                <\/div>\r\n            <\/div>\r\n                        <div class=\"tx-post__category-item tx-post ul_li mt-40\">\r\n                <div class=\"post-thumb\">\r\n                    <a href=\"https:\/\/sendanoticiosa.com\/index.php\/2026\/08\/15\/fallece-actor-de-telenovelas-roman-walker-tras-derrame-cerebral\/\"><img loading=\"lazy\" decoding=\"async\" width=\"1280\" height=\"853\" src=\"https:\/\/sendanoticiosa.com\/wp-content\/uploads\/2026\/08\/34.-Fallece-actor-de-telen.webp\" class=\"attachment-full size-full wp-post-image\" alt=\"\" srcset=\"https:\/\/sendanoticiosa.com\/wp-content\/uploads\/2026\/08\/34.-Fallece-actor-de-telen.webp 1280w, https:\/\/sendanoticiosa.com\/wp-content\/uploads\/2026\/08\/34.-Fallece-actor-de-telen-300x200.webp 300w, https:\/\/sendanoticiosa.com\/wp-content\/uploads\/2026\/08\/34.-Fallece-actor-de-telen-1024x682.webp 1024w, https:\/\/sendanoticiosa.com\/wp-content\/uploads\/2026\/08\/34.-Fallece-actor-de-telen-768x512.webp 768w, https:\/\/sendanoticiosa.com\/wp-content\/uploads\/2026\/08\/34.-Fallece-actor-de-telen-770x513.webp 770w, https:\/\/sendanoticiosa.com\/wp-content\/uploads\/2026\/08\/34.-Fallece-actor-de-telen-370x247.webp 370w\" sizes=\"(max-width: 1280px) 100vw, 1280px\" \/><\/a>\r\n                            <a class=\"post-cat post-cat--sm cat-style-7 mb-10\" style=\"background-color:#821b80\" href=\"https:\/\/sendanoticiosa.com\/index.php\/category\/espectaculos\/\">\n        \tEspect\u00e1culos        <\/a>\n                    <\/div>\r\n                <div class=\"post-content\">\r\n                    <span class=\"post-date\"><i class=\"far fa-calendar-alt\"><\/i>Aug 15, 2026<\/span>\r\n                    <h3 class=\"post-title border-effect-2\"><a href=\"https:\/\/sendanoticiosa.com\/index.php\/2026\/08\/15\/fallece-actor-de-telenovelas-roman-walker-tras-derrame-cerebral\/\">Fallece actor de telenovelas Rom\u00e1n Walker tras derrame<\/a><\/h3>\r\n                    <div class=\"post-meta post-meta--2 ul_li mt-6\">\r\n                        <div class=\"post-meta__author ul_li\">\r\n                            <div class=\"avatar\">\r\n                                <img alt='' src='https:\/\/secure.gravatar.com\/avatar\/ba34ef5c85a7337be858cab52ef8a3ec8e6226b79910ac1660585e274b4a4314?s=22&#038;d=mm&#038;r=g' srcset='https:\/\/secure.gravatar.com\/avatar\/ba34ef5c85a7337be858cab52ef8a3ec8e6226b79910ac1660585e274b4a4314?s=44&#038;d=mm&#038;r=g 2x' class='avatar avatar-22 photo' height='22' width='22' \/>                            <\/div>\r\n                            <span>sendanoticom<\/span>\r\n                        <\/div>\r\n                        <span class=\"read-time\"><i class=\"far fa-clock\"><\/i>3 min read<\/span>\r\n                    <\/div>\r\n                <\/div>\r\n            <\/div>\r\n                        <div class=\"tx-post__category-item tx-post ul_li mt-40\">\r\n                <div class=\"post-thumb\">\r\n                    <a href=\"https:\/\/sendanoticiosa.com\/index.php\/2026\/08\/13\/natalia-subtil-comparte-desgarrador-mensaje-tras-perder-al-bebe-que-esperaba\/\"><img loading=\"lazy\" decoding=\"async\" width=\"630\" height=\"452\" src=\"https:\/\/sendanoticiosa.com\/wp-content\/uploads\/2026\/08\/34.-Natalia-Subtil-comp.png\" class=\"attachment-full size-full wp-post-image\" alt=\"\" srcset=\"https:\/\/sendanoticiosa.com\/wp-content\/uploads\/2026\/08\/34.-Natalia-Subtil-comp.png 630w, https:\/\/sendanoticiosa.com\/wp-content\/uploads\/2026\/08\/34.-Natalia-Subtil-comp-300x215.png 300w, https:\/\/sendanoticiosa.com\/wp-content\/uploads\/2026\/08\/34.-Natalia-Subtil-comp-370x265.png 370w\" sizes=\"(max-width: 630px) 100vw, 630px\" \/><\/a>\r\n                            <a class=\"post-cat post-cat--sm cat-style-7 mb-10\" style=\"background-color:#821b80\" href=\"https:\/\/sendanoticiosa.com\/index.php\/category\/espectaculos\/\">\n        \tEspect\u00e1culos        <\/a>\n                    <\/div>\r\n                <div class=\"post-content\">\r\n                    <span class=\"post-date\"><i class=\"far fa-calendar-alt\"><\/i>Aug 13, 2026<\/span>\r\n                    <h3 class=\"post-title border-effect-2\"><a href=\"https:\/\/sendanoticiosa.com\/index.php\/2026\/08\/13\/natalia-subtil-comparte-desgarrador-mensaje-tras-perder-al-bebe-que-esperaba\/\">Nat\u00e1lia Subtil comparte desgarrador mensaje tras perder al<\/a><\/h3>\r\n                    <div class=\"post-meta post-meta--2 ul_li mt-6\">\r\n                        <div class=\"post-meta__author ul_li\">\r\n                            <div class=\"avatar\">\r\n                                <img alt='' src='https:\/\/secure.gravatar.com\/avatar\/ba34ef5c85a7337be858cab52ef8a3ec8e6226b79910ac1660585e274b4a4314?s=22&#038;d=mm&#038;r=g' srcset='https:\/\/secure.gravatar.com\/avatar\/ba34ef5c85a7337be858cab52ef8a3ec8e6226b79910ac1660585e274b4a4314?s=44&#038;d=mm&#038;r=g 2x' class='avatar avatar-22 photo' height='22' width='22' \/>                            <\/div>\r\n                            <span>sendanoticom<\/span>\r\n                        <\/div>\r\n                        <span class=\"read-time\"><i class=\"far fa-clock\"><\/i>5 min read<\/span>\r\n                    <\/div>\r\n                <\/div>\r\n            <\/div>\r\n                        <div class=\"tx-post__category-item tx-post ul_li mt-40\">\r\n                <div class=\"post-thumb\">\r\n                    <a href=\"https:\/\/sendanoticiosa.com\/index.php\/2026\/08\/11\/aguanta-vara-aldo-rendon-responde-a-cynthia-klitbo-y-desata-fuerte-pelea-tras-broma-por-los-ronquidos-de-la-actriz\/\"><img loading=\"lazy\" decoding=\"async\" width=\"780\" height=\"470\" src=\"https:\/\/sendanoticiosa.com\/wp-content\/uploads\/2026\/08\/34.-aguanta-vara.png\" class=\"attachment-full size-full wp-post-image\" alt=\"\" srcset=\"https:\/\/sendanoticiosa.com\/wp-content\/uploads\/2026\/08\/34.-aguanta-vara.png 780w, https:\/\/sendanoticiosa.com\/wp-content\/uploads\/2026\/08\/34.-aguanta-vara-300x181.png 300w, https:\/\/sendanoticiosa.com\/wp-content\/uploads\/2026\/08\/34.-aguanta-vara-768x463.png 768w, https:\/\/sendanoticiosa.com\/wp-content\/uploads\/2026\/08\/34.-aguanta-vara-770x464.png 770w, https:\/\/sendanoticiosa.com\/wp-content\/uploads\/2026\/08\/34.-aguanta-vara-370x223.png 370w\" sizes=\"(max-width: 780px) 100vw, 780px\" \/><\/a>\r\n                            <a class=\"post-cat post-cat--sm cat-style-7 mb-10\" style=\"background-color:#821b80\" href=\"https:\/\/sendanoticiosa.com\/index.php\/category\/espectaculos\/\">\n        \tEspect\u00e1culos        <\/a>\n                    <\/div>\r\n                <div class=\"post-content\">\r\n                    <span class=\"post-date\"><i class=\"far fa-calendar-alt\"><\/i>Aug 11, 2026<\/span>\r\n                    <h3 class=\"post-title border-effect-2\"><a href=\"https:\/\/sendanoticiosa.com\/index.php\/2026\/08\/11\/aguanta-vara-aldo-rendon-responde-a-cynthia-klitbo-y-desata-fuerte-pelea-tras-broma-por-los-ronquidos-de-la-actriz\/\">\u201cAguanta vara\u201d: Aldo Rend\u00f3n responde a Cynthia Klitbo<\/a><\/h3>\r\n                    <div class=\"post-meta post-meta--2 ul_li mt-6\">\r\n                        <div class=\"post-meta__author ul_li\">\r\n                            <div class=\"avatar\">\r\n                                <img alt='' src='https:\/\/secure.gravatar.com\/avatar\/ba34ef5c85a7337be858cab52ef8a3ec8e6226b79910ac1660585e274b4a4314?s=22&#038;d=mm&#038;r=g' srcset='https:\/\/secure.gravatar.com\/avatar\/ba34ef5c85a7337be858cab52ef8a3ec8e6226b79910ac1660585e274b4a4314?s=44&#038;d=mm&#038;r=g 2x' class='avatar avatar-22 photo' height='22' width='22' \/>                            <\/div>\r\n                            <span>sendanoticom<\/span>\r\n                        <\/div>\r\n                        <span class=\"read-time\"><i class=\"far fa-clock\"><\/i>3 min read<\/span>\r\n                    <\/div>\r\n                <\/div>\r\n            <\/div>\r\n                        <div class=\"tx-post__category-item tx-post ul_li mt-40\">\r\n                <div class=\"post-thumb\">\r\n                    <a href=\"https:\/\/sendanoticiosa.com\/index.php\/2026\/08\/08\/se-pone-lamine-yamal-la-camiseta-de-colombia-y-canta-con-ryan-castro-en-medellin\/\"><img loading=\"lazy\" decoding=\"async\" width=\"1280\" height=\"853\" src=\"https:\/\/sendanoticiosa.com\/wp-content\/uploads\/2026\/08\/34.-Se-pone-Lamine-Yam.webp\" class=\"attachment-full size-full wp-post-image\" alt=\"\" srcset=\"https:\/\/sendanoticiosa.com\/wp-content\/uploads\/2026\/08\/34.-Se-pone-Lamine-Yam.webp 1280w, https:\/\/sendanoticiosa.com\/wp-content\/uploads\/2026\/08\/34.-Se-pone-Lamine-Yam-300x200.webp 300w, https:\/\/sendanoticiosa.com\/wp-content\/uploads\/2026\/08\/34.-Se-pone-Lamine-Yam-1024x682.webp 1024w, https:\/\/sendanoticiosa.com\/wp-content\/uploads\/2026\/08\/34.-Se-pone-Lamine-Yam-768x512.webp 768w, https:\/\/sendanoticiosa.com\/wp-content\/uploads\/2026\/08\/34.-Se-pone-Lamine-Yam-770x513.webp 770w, https:\/\/sendanoticiosa.com\/wp-content\/uploads\/2026\/08\/34.-Se-pone-Lamine-Yam-370x247.webp 370w\" sizes=\"(max-width: 1280px) 100vw, 1280px\" \/><\/a>\r\n                            <a class=\"post-cat post-cat--sm cat-style-7 mb-10\" style=\"background-color:#821b80\" href=\"https:\/\/sendanoticiosa.com\/index.php\/category\/deportes\/\">\n        \tDeportes        <\/a>\n            <a class=\"post-cat post-cat--sm cat-style-7 mb-10\" style=\"background-color:#821b80\" href=\"https:\/\/sendanoticiosa.com\/index.php\/category\/espectaculos\/\">\n        \tEspect\u00e1culos        <\/a>\n                    <\/div>\r\n                <div class=\"post-content\">\r\n                    <span class=\"post-date\"><i class=\"far fa-calendar-alt\"><\/i>Aug 08, 2026<\/span>\r\n                    <h3 class=\"post-title border-effect-2\"><a href=\"https:\/\/sendanoticiosa.com\/index.php\/2026\/08\/08\/se-pone-lamine-yamal-la-camiseta-de-colombia-y-canta-con-ryan-castro-en-medellin\/\">Se pone Lamine Yamal la camiseta de Colombia<\/a><\/h3>\r\n                    <div class=\"post-meta post-meta--2 ul_li mt-6\">\r\n                        <div class=\"post-meta__author ul_li\">\r\n                            <div class=\"avatar\">\r\n                                <img alt='' src='https:\/\/secure.gravatar.com\/avatar\/ba34ef5c85a7337be858cab52ef8a3ec8e6226b79910ac1660585e274b4a4314?s=22&#038;d=mm&#038;r=g' srcset='https:\/\/secure.gravatar.com\/avatar\/ba34ef5c85a7337be858cab52ef8a3ec8e6226b79910ac1660585e274b4a4314?s=44&#038;d=mm&#038;r=g 2x' class='avatar avatar-22 photo' height='22' width='22' \/>                            <\/div>\r\n                            <span>sendanoticom<\/span>\r\n                        <\/div>\r\n                        <span class=\"read-time\"><i class=\"far fa-clock\"><\/i>2 min read<\/span>\r\n                    <\/div>\r\n                <\/div>\r\n            <\/div>\r\n                    <\/div>        \r\n\t\t\r\n    \t\t\t\t<\/div>\n\t\t\t\t<\/div>\n\t\t\t\t\t<\/div>\n\t\t<\/div>\n\t\t\t\t\t<\/div>\n\t\t<\/section>\n\t\t\t\t\t<\/div>\n\t\t<\/div>\n\t\t\t\t\t<\/div>\n\t\t<\/section>\n\t\t\t\t<\/div>\n\t\t","protected":false},"excerpt":{"rendered":"<p># Tags CDMX CORRIDA DE TOROS TOROS TUROMAQUIA Retorno de corridas de toros a Ciudad de M\u00e9xico, un rev\u00e9s a animalistas que entusiasma a aficionados La reciente decisi\u00f3n la Suprema Corte de Justicia de M\u00e9xico de levantar la suspensi\u00f3n de las corridas en la mayor plaza de toros del mundo \u2014por su n\u00famero sendanoticom \/ [&hellip;]<\/p>\n","protected":false},"author":1,"featured_media":0,"parent":0,"menu_order":0,"comment_status":"closed","ping_status":"closed","template":"magezix-template.php","meta":{"inline_featured_image":false,"footnotes":""},"class_list":["post-2238","page","type-page","status-publish","hentry"],"yoast_head":"<!-- This site is optimized with the Yoast SEO plugin v28.4 - https:\/\/yoast.com\/product\/yoast-seo-wordpress\/ -->\n<title>Senda Noticiosa - Senda Noticiosa<\/title>\n<meta name=\"robots\" content=\"index, follow, max-snippet:-1, max-image-preview:large, max-video-preview:-1\" \/>\n<link rel=\"canonical\" href=\"https:\/\/sendanoticiosa.com\/\" \/>\n<meta property=\"og:locale\" content=\"en_US\" \/>\n<meta property=\"og:type\" content=\"article\" \/>\n<meta property=\"og:title\" content=\"Senda Noticiosa - Senda Noticiosa\" \/>\n<meta property=\"og:description\" content=\"# Tags CDMX CORRIDA DE TOROS TOROS TUROMAQUIA Retorno de corridas de toros a Ciudad de M\u00e9xico, un rev\u00e9s a animalistas que entusiasma a aficionados La reciente decisi\u00f3n la Suprema Corte de Justicia de M\u00e9xico de levantar la suspensi\u00f3n de las corridas en la mayor plaza de toros del mundo \u2014por su n\u00famero sendanoticom \/ [&hellip;]\" \/>\n<meta property=\"og:url\" content=\"https:\/\/sendanoticiosa.com\/\" \/>\n<meta property=\"og:site_name\" content=\"Senda Noticiosa\" \/>\n<meta property=\"article:modified_time\" content=\"2024-05-13T17:51:15+00:00\" \/>\n<meta property=\"og:image\" content=\"https:\/\/secure.gravatar.com\/avatar\/61283ae829bce5741a3b46df45972838?s=20&#038;d=mm&#038;r=g\" \/>\n<meta name=\"twitter:card\" content=\"summary_large_image\" \/>\n<meta name=\"twitter:label1\" content=\"Est. reading time\" \/>\n\t<meta name=\"twitter:data1\" content=\"16 minutes\" \/>\n<script type=\"application\/ld+json\" class=\"yoast-schema-graph\">{\"@context\":\"https:\\\/\\\/schema.org\",\"@graph\":[{\"@type\":\"WebPage\",\"@id\":\"https:\\\/\\\/sendanoticiosa.com\\\/\",\"url\":\"https:\\\/\\\/sendanoticiosa.com\\\/\",\"name\":\"Senda Noticiosa - Senda Noticiosa\",\"isPartOf\":{\"@id\":\"https:\\\/\\\/sendanoticiosa.com\\\/#website\"},\"primaryImageOfPage\":{\"@id\":\"https:\\\/\\\/sendanoticiosa.com\\\/#primaryimage\"},\"image\":{\"@id\":\"https:\\\/\\\/sendanoticiosa.com\\\/#primaryimage\"},\"thumbnailUrl\":\"https:\\\/\\\/secure.gravatar.com\\\/avatar\\\/61283ae829bce5741a3b46df45972838?s=20&#038;d=mm&#038;r=g\",\"datePublished\":\"2022-06-19T08:38:28+00:00\",\"dateModified\":\"2024-05-13T17:51:15+00:00\",\"breadcrumb\":{\"@id\":\"https:\\\/\\\/sendanoticiosa.com\\\/#breadcrumb\"},\"inLanguage\":\"en-US\",\"potentialAction\":[{\"@type\":\"ReadAction\",\"target\":[\"https:\\\/\\\/sendanoticiosa.com\\\/\"]}]},{\"@type\":\"ImageObject\",\"inLanguage\":\"en-US\",\"@id\":\"https:\\\/\\\/sendanoticiosa.com\\\/#primaryimage\",\"url\":\"https:\\\/\\\/secure.gravatar.com\\\/avatar\\\/61283ae829bce5741a3b46df45972838?s=20&#038;d=mm&#038;r=g\",\"contentUrl\":\"https:\\\/\\\/secure.gravatar.com\\\/avatar\\\/61283ae829bce5741a3b46df45972838?s=20&#038;d=mm&#038;r=g\"},{\"@type\":\"BreadcrumbList\",\"@id\":\"https:\\\/\\\/sendanoticiosa.com\\\/#breadcrumb\",\"itemListElement\":[{\"@type\":\"ListItem\",\"position\":1,\"name\":\"Portada\",\"item\":\"https:\\\/\\\/sendanoticiosa.com\\\/\"},{\"@type\":\"ListItem\",\"position\":2,\"name\":\"Senda Noticiosa\"}]},{\"@type\":\"WebSite\",\"@id\":\"https:\\\/\\\/sendanoticiosa.com\\\/#website\",\"url\":\"https:\\\/\\\/sendanoticiosa.com\\\/\",\"name\":\"Senda Noticiosa\",\"description\":\"\",\"potentialAction\":[{\"@type\":\"SearchAction\",\"target\":{\"@type\":\"EntryPoint\",\"urlTemplate\":\"https:\\\/\\\/sendanoticiosa.com\\\/?s={search_term_string}\"},\"query-input\":{\"@type\":\"PropertyValueSpecification\",\"valueRequired\":true,\"valueName\":\"search_term_string\"}}],\"inLanguage\":\"en-US\"}]}<\/script>\n<!-- \/ Yoast SEO plugin. -->","yoast_head_json":{"title":"Senda Noticiosa - Senda Noticiosa","robots":{"index":"index","follow":"follow","max-snippet":"max-snippet:-1","max-image-preview":"max-image-preview:large","max-video-preview":"max-video-preview:-1"},"canonical":"https:\/\/sendanoticiosa.com\/","og_locale":"en_US","og_type":"article","og_title":"Senda Noticiosa - Senda Noticiosa","og_description":"# Tags CDMX CORRIDA DE TOROS TOROS TUROMAQUIA Retorno de corridas de toros a Ciudad de M\u00e9xico, un rev\u00e9s a animalistas que entusiasma a aficionados La reciente decisi\u00f3n la Suprema Corte de Justicia de M\u00e9xico de levantar la suspensi\u00f3n de las corridas en la mayor plaza de toros del mundo \u2014por su n\u00famero sendanoticom \/ [&hellip;]","og_url":"https:\/\/sendanoticiosa.com\/","og_site_name":"Senda Noticiosa","article_modified_time":"2024-05-13T17:51:15+00:00","og_image":[{"url":"https:\/\/secure.gravatar.com\/avatar\/61283ae829bce5741a3b46df45972838?s=20&#038;d=mm&#038;r=g","type":"","width":"","height":""}],"twitter_card":"summary_large_image","twitter_misc":{"Est. reading time":"16 minutes"},"schema":{"@context":"https:\/\/schema.org","@graph":[{"@type":"WebPage","@id":"https:\/\/sendanoticiosa.com\/","url":"https:\/\/sendanoticiosa.com\/","name":"Senda Noticiosa - Senda Noticiosa","isPartOf":{"@id":"https:\/\/sendanoticiosa.com\/#website"},"primaryImageOfPage":{"@id":"https:\/\/sendanoticiosa.com\/#primaryimage"},"image":{"@id":"https:\/\/sendanoticiosa.com\/#primaryimage"},"thumbnailUrl":"https:\/\/secure.gravatar.com\/avatar\/61283ae829bce5741a3b46df45972838?s=20&#038;d=mm&#038;r=g","datePublished":"2022-06-19T08:38:28+00:00","dateModified":"2024-05-13T17:51:15+00:00","breadcrumb":{"@id":"https:\/\/sendanoticiosa.com\/#breadcrumb"},"inLanguage":"en-US","potentialAction":[{"@type":"ReadAction","target":["https:\/\/sendanoticiosa.com\/"]}]},{"@type":"ImageObject","inLanguage":"en-US","@id":"https:\/\/sendanoticiosa.com\/#primaryimage","url":"https:\/\/secure.gravatar.com\/avatar\/61283ae829bce5741a3b46df45972838?s=20&#038;d=mm&#038;r=g","contentUrl":"https:\/\/secure.gravatar.com\/avatar\/61283ae829bce5741a3b46df45972838?s=20&#038;d=mm&#038;r=g"},{"@type":"BreadcrumbList","@id":"https:\/\/sendanoticiosa.com\/#breadcrumb","itemListElement":[{"@type":"ListItem","position":1,"name":"Portada","item":"https:\/\/sendanoticiosa.com\/"},{"@type":"ListItem","position":2,"name":"Senda Noticiosa"}]},{"@type":"WebSite","@id":"https:\/\/sendanoticiosa.com\/#website","url":"https:\/\/sendanoticiosa.com\/","name":"Senda Noticiosa","description":"","potentialAction":[{"@type":"SearchAction","target":{"@type":"EntryPoint","urlTemplate":"https:\/\/sendanoticiosa.com\/?s={search_term_string}"},"query-input":{"@type":"PropertyValueSpecification","valueRequired":true,"valueName":"search_term_string"}}],"inLanguage":"en-US"}]}},"_links":{"self":[{"href":"https:\/\/sendanoticiosa.com\/index.php\/wp-json\/wp\/v2\/pages\/2238","targetHints":{"allow":["GET"]}}],"collection":[{"href":"https:\/\/sendanoticiosa.com\/index.php\/wp-json\/wp\/v2\/pages"}],"about":[{"href":"https:\/\/sendanoticiosa.com\/index.php\/wp-json\/wp\/v2\/types\/page"}],"author":[{"embeddable":true,"href":"https:\/\/sendanoticiosa.com\/index.php\/wp-json\/wp\/v2\/users\/1"}],"replies":[{"embeddable":true,"href":"https:\/\/sendanoticiosa.com\/index.php\/wp-json\/wp\/v2\/comments?post=2238"}],"version-history":[{"count":46,"href":"https:\/\/sendanoticiosa.com\/index.php\/wp-json\/wp\/v2\/pages\/2238\/revisions"}],"predecessor-version":[{"id":7719,"href":"https:\/\/sendanoticiosa.com\/index.php\/wp-json\/wp\/v2\/pages\/2238\/revisions\/7719"}],"wp:attachment":[{"href":"https:\/\/sendanoticiosa.com\/index.php\/wp-json\/wp\/v2\/media?parent=2238"}],"curies":[{"name":"wp","href":"https:\/\/api.w.org\/{rel}","templated":true}]}}